{"id":569,"date":"2025-08-06T13:09:50","date_gmt":"2025-08-06T13:09:50","guid":{"rendered":"https:\/\/demo01.vivancoculturadevino.es\/?page_id=569"},"modified":"2026-04-29T08:21:32","modified_gmt":"2026-04-29T08:21:32","slug":"los-vinos","status":"publish","type":"page","link":"https:\/\/vivancoculturadevino.es\/es\/bodega\/los-vinos\/","title":{"rendered":"Los Vinos"},"content":{"rendered":"\t\t<div data-elementor-type=\"wp-page\" data-elementor-id=\"569\" class=\"elementor elementor-569\" data-elementor-post-type=\"page\">\n\t\t\t\t<div class=\"elementor-element elementor-element-95a8c20 e-flex e-con-boxed e-con e-parent\" data-id=\"95a8c20\" data-element_type=\"container\" data-e-type=\"container\">\n\t\t\t\t\t<div class=\"e-con-inner\">\n\t\t\t\t<div class=\"elementor-element elementor-element-0db3171 elementor-widget elementor-widget-spacer\" data-id=\"0db3171\" data-element_type=\"widget\" data-e-type=\"widget\" data-widget_type=\"spacer.default\">\n\t\t\t\t\t\t\t<div class=\"elementor-spacer\">\n\t\t\t<div class=\"elementor-spacer-inner\"><\/div>\n\t\t<\/div>\n\t\t\t\t\t\t<\/div>\n\t\t\t\t<div class=\"elementor-element elementor-element-68e311e elementor-invisible elementor-widget elementor-widget-heading\" data-id=\"68e311e\" data-element_type=\"widget\" data-e-type=\"widget\" data-settings=\"{&quot;_animation&quot;:&quot;fadeInUp&quot;}\" data-widget_type=\"heading.default\">\n\t\t\t\t\t<h1 class=\"elementor-heading-title elementor-size-default\">LOS VINOS<\/h1>\t\t\t\t<\/div>\n\t\t\t\t<div class=\"elementor-element elementor-element-cfd66d5 elementor-widget elementor-widget-spacer\" data-id=\"cfd66d5\" data-element_type=\"widget\" data-e-type=\"widget\" data-widget_type=\"spacer.default\">\n\t\t\t\t\t\t\t<div class=\"elementor-spacer\">\n\t\t\t<div class=\"elementor-spacer-inner\"><\/div>\n\t\t<\/div>\n\t\t\t\t\t\t<\/div>\n\t\t\t\t\t<\/div>\n\t\t\t\t<\/div>\n\t\t<div class=\"elementor-element elementor-element-c30dcf6 e-flex e-con-boxed e-con e-parent\" data-id=\"c30dcf6\" data-element_type=\"container\" data-e-type=\"container\" data-settings=\"{&quot;background_background&quot;:&quot;classic&quot;}\">\n\t\t\t\t\t<div class=\"e-con-inner\">\n\t\t\t\t\t<\/div>\n\t\t\t\t<\/div>\n\t\t<div class=\"elementor-element elementor-element-7909faf e-flex e-con-boxed e-con e-parent\" data-id=\"7909faf\" data-element_type=\"container\" data-e-type=\"container\" data-settings=\"{&quot;background_background&quot;:&quot;classic&quot;,&quot;sticky&quot;:&quot;top&quot;,&quot;sticky_on&quot;:[&quot;desktop&quot;,&quot;tablet&quot;,&quot;mobile&quot;],&quot;sticky_offset&quot;:0,&quot;sticky_effects_offset&quot;:0,&quot;sticky_anchor_link_offset&quot;:0}\">\n\t\t\t\t\t<div class=\"e-con-inner\">\n\t\t\t\t<div class=\"elementor-element elementor-element-d8470e7 elementor-nav-menu__align-center elementor-nav-menu--dropdown-none elementor-widget elementor-widget-nav-menu\" data-id=\"d8470e7\" data-element_type=\"widget\" data-e-type=\"widget\" data-settings=\"{&quot;layout&quot;:&quot;horizontal&quot;,&quot;submenu_icon&quot;:{&quot;value&quot;:&quot;&lt;svg aria-hidden=\\&quot;true\\&quot; class=\\&quot;e-font-icon-svg e-fas-caret-down\\&quot; viewBox=\\&quot;0 0 320 512\\&quot; xmlns=\\&quot;http:\\\/\\\/www.w3.org\\\/2000\\\/svg\\&quot;&gt;&lt;path d=\\&quot;M31.3 192h257.3c17.8 0 26.7 21.5 14.1 34.1L174.1 354.8c-7.8 7.8-20.5 7.8-28.3 0L17.2 226.1C4.6 213.5 13.5 192 31.3 192z\\&quot;&gt;&lt;\\\/path&gt;&lt;\\\/svg&gt;&quot;,&quot;library&quot;:&quot;fa-solid&quot;}}\" data-widget_type=\"nav-menu.default\">\n\t\t\t\t\t\t\t\t<nav aria-label=\"Men\u00fa\" class=\"elementor-nav-menu--main elementor-nav-menu__container elementor-nav-menu--layout-horizontal e--pointer-underline e--animation-fade\">\n\t\t\t\t<ul id=\"menu-1-d8470e7\" class=\"elementor-nav-menu\"><li class=\"menu-item menu-item-type-custom menu-item-object-custom menu-item-483\"><a href=\"#espumosos\" class=\"elementor-item elementor-item-anchor\">ESPUMOSOS<\/a><\/li>\n<li class=\"menu-item menu-item-type-custom menu-item-object-custom menu-item-479\"><a href=\"#jovenes\" class=\"elementor-item elementor-item-anchor\">J\u00d3VENES<\/a><\/li>\n<li class=\"menu-item menu-item-type-custom menu-item-object-custom menu-item-478\"><a href=\"#criados\" class=\"elementor-item elementor-item-anchor\">CRIADOS<\/a><\/li>\n<li class=\"menu-item menu-item-type-custom menu-item-object-custom menu-item-480\"><a href=\"#brunes\" class=\"elementor-item elementor-item-anchor\">VIVANCO BRUNES<\/a><\/li>\n<li class=\"menu-item menu-item-type-custom menu-item-object-custom menu-item-482\"><a href=\"#coleccion\" class=\"elementor-item elementor-item-anchor\">COLECCI\u00d3N VIVANCO<\/a><\/li>\n<li class=\"menu-item menu-item-type-custom menu-item-object-custom menu-item-481\"><a href=\"#laisla\" class=\"elementor-item elementor-item-anchor\">VIVANCO LA ISLA<\/a><\/li>\n<li class=\"menu-item menu-item-type-custom menu-item-object-custom menu-item-484\"><a href=\"#barrica\" class=\"elementor-item elementor-item-anchor\">CLUB VIVANCO BARRICA<\/a><\/li>\n<\/ul>\t\t\t<\/nav>\n\t\t\t\t\t\t<nav class=\"elementor-nav-menu--dropdown elementor-nav-menu__container\" aria-hidden=\"true\">\n\t\t\t\t<ul id=\"menu-2-d8470e7\" class=\"elementor-nav-menu\"><li class=\"menu-item menu-item-type-custom menu-item-object-custom menu-item-483\"><a href=\"#espumosos\" class=\"elementor-item elementor-item-anchor\" tabindex=\"-1\">ESPUMOSOS<\/a><\/li>\n<li class=\"menu-item menu-item-type-custom menu-item-object-custom menu-item-479\"><a href=\"#jovenes\" class=\"elementor-item elementor-item-anchor\" tabindex=\"-1\">J\u00d3VENES<\/a><\/li>\n<li class=\"menu-item menu-item-type-custom menu-item-object-custom menu-item-478\"><a href=\"#criados\" class=\"elementor-item elementor-item-anchor\" tabindex=\"-1\">CRIADOS<\/a><\/li>\n<li class=\"menu-item menu-item-type-custom menu-item-object-custom menu-item-480\"><a href=\"#brunes\" class=\"elementor-item elementor-item-anchor\" tabindex=\"-1\">VIVANCO BRUNES<\/a><\/li>\n<li class=\"menu-item menu-item-type-custom menu-item-object-custom menu-item-482\"><a href=\"#coleccion\" class=\"elementor-item elementor-item-anchor\" tabindex=\"-1\">COLECCI\u00d3N VIVANCO<\/a><\/li>\n<li class=\"menu-item menu-item-type-custom menu-item-object-custom menu-item-481\"><a href=\"#laisla\" class=\"elementor-item elementor-item-anchor\" tabindex=\"-1\">VIVANCO LA ISLA<\/a><\/li>\n<li class=\"menu-item menu-item-type-custom menu-item-object-custom menu-item-484\"><a href=\"#barrica\" class=\"elementor-item elementor-item-anchor\" tabindex=\"-1\">CLUB VIVANCO BARRICA<\/a><\/li>\n<\/ul>\t\t\t<\/nav>\n\t\t\t\t\t\t<\/div>\n\t\t\t\t\t<\/div>\n\t\t\t\t<\/div>\n\t\t<div class=\"elementor-element elementor-element-88ee2cc e-grid e-con-full e-con e-parent\" data-id=\"88ee2cc\" data-element_type=\"container\" data-e-type=\"container\">\n\t\t<div class=\"elementor-element elementor-element-79100ae e-con-full e-flex e-con e-child\" data-id=\"79100ae\" data-element_type=\"container\" data-e-type=\"container\">\n\t\t<div class=\"elementor-element elementor-element-9157a04 e-con-full animated-slow e-flex elementor-invisible e-con e-child\" data-id=\"9157a04\" data-element_type=\"container\" data-e-type=\"container\" data-settings=\"{&quot;animation&quot;:&quot;fadeInUp&quot;}\">\n\t\t\t\t<div class=\"elementor-element elementor-element-54689c1 elementor-widget elementor-widget-heading\" data-id=\"54689c1\" data-element_type=\"widget\" data-e-type=\"widget\" data-widget_type=\"heading.default\">\n\t\t\t\t\t<h2 class=\"elementor-heading-title elementor-size-default\">ESPUMOSOS<\/h2>\t\t\t\t<\/div>\n\t\t\t\t<div class=\"elementor-element elementor-element-06c15b8 elementor-widget__width-initial elementor-widget-tablet__width-initial elementor-widget elementor-widget-text-editor\" data-id=\"06c15b8\" data-element_type=\"widget\" data-e-type=\"widget\" data-widget_type=\"text-editor.default\">\n\t\t\t\t\t\t\t\t\t<p class=\"p1\"><em>Blanc de blancs<\/em>\u00a0de nuestra finca, pionero en Rioja y singular, por la viva y elegante expresi\u00f3n de variedades aut\u00f3ctonas tras una larga maduraci\u00f3n en botella.<\/p><p>Primer espumoso Rosado Reserva de Rioja, pionero por su elaboraci\u00f3n con las variedades tintas aut\u00f3ctonas riojanas garnacha y mazuelo.<\/p>\t\t\t\t\t\t\t\t<\/div>\n\t\t\t\t<\/div>\n\t\t<div class=\"elementor-element elementor-element-6e84e47 e-con-full animated-slow e-flex elementor-invisible e-con e-child\" data-id=\"6e84e47\" data-element_type=\"container\" data-e-type=\"container\" data-settings=\"{&quot;animation&quot;:&quot;fadeInUp&quot;}\">\n\t\t<div class=\"elementor-element elementor-element-e460291 e-con-full e-flex e-con e-child\" data-id=\"e460291\" data-element_type=\"container\" data-e-type=\"container\">\n\t\t\t\t<div class=\"elementor-element elementor-element-536e2fb elementor-widget elementor-widget-image\" data-id=\"536e2fb\" data-element_type=\"widget\" data-e-type=\"widget\" data-widget_type=\"image.default\">\n\t\t\t\t\t\t\t\t\t\t\t\t\t\t\t\t<a href=\"\/vivanco-cuvee-inedita-reserva-extra-brut\">\n\t\t\t\t\t\t\t<img fetchpriority=\"high\" decoding=\"async\" width=\"356\" height=\"1024\" src=\"https:\/\/vivancoculturadevino.es\/wp-content\/uploads\/2025\/08\/BRUNES_0014_EXTRA-BRUT-RESERVA-DEFINITIVA-356x1024.jpg\" class=\"attachment-large size-large wp-image-1434\" alt=\"Vivanco Cuv\u00e9e In\u00e9dita Reserva Extra Brut\" srcset=\"https:\/\/vivancoculturadevino.es\/wp-content\/uploads\/2025\/08\/BRUNES_0014_EXTRA-BRUT-RESERVA-DEFINITIVA-356x1024.jpg 356w, https:\/\/vivancoculturadevino.es\/wp-content\/uploads\/2025\/08\/BRUNES_0014_EXTRA-BRUT-RESERVA-DEFINITIVA-104x300.jpg 104w, https:\/\/vivancoculturadevino.es\/wp-content\/uploads\/2025\/08\/BRUNES_0014_EXTRA-BRUT-RESERVA-DEFINITIVA-768x2210.jpg 768w, https:\/\/vivancoculturadevino.es\/wp-content\/uploads\/2025\/08\/BRUNES_0014_EXTRA-BRUT-RESERVA-DEFINITIVA-534x1536.jpg 534w, https:\/\/vivancoculturadevino.es\/wp-content\/uploads\/2025\/08\/BRUNES_0014_EXTRA-BRUT-RESERVA-DEFINITIVA-712x2048.jpg 712w, https:\/\/vivancoculturadevino.es\/wp-content\/uploads\/2025\/08\/BRUNES_0014_EXTRA-BRUT-RESERVA-DEFINITIVA-scaled.jpg 890w\" sizes=\"(max-width: 356px) 100vw, 356px\" \/>\t\t\t\t\t\t\t\t<\/a>\n\t\t\t\t\t\t\t\t\t\t\t\t\t\t\t<\/div>\n\t\t\t\t<div class=\"elementor-element elementor-element-6661d3a elementor-widget elementor-widget-heading\" data-id=\"6661d3a\" data-element_type=\"widget\" data-e-type=\"widget\" data-widget_type=\"heading.default\">\n\t\t\t\t\t<h3 class=\"elementor-heading-title elementor-size-default\">ESPUMOSO DOCa. RIOJA<\/h3>\t\t\t\t<\/div>\n\t\t\t\t<div class=\"elementor-element elementor-element-3dc8961 elementor-widget elementor-widget-heading\" data-id=\"3dc8961\" data-element_type=\"widget\" data-e-type=\"widget\" data-widget_type=\"heading.default\">\n\t\t\t\t\t<h2 class=\"elementor-heading-title elementor-size-default\"><a href=\"\/vivanco-cuvee-inedita-reserva-extra-brut\">VIVANCO CUV\u00c9E IN\u00c9DITA RESERVA EXTRA BRUT<\/a><\/h2>\t\t\t\t<\/div>\n\t\t\t\t<\/div>\n\t\t<div class=\"elementor-element elementor-element-1e2a1e8 e-con-full e-flex e-con e-child\" data-id=\"1e2a1e8\" data-element_type=\"container\" data-e-type=\"container\">\n\t\t\t\t<div class=\"elementor-element elementor-element-ca6d07d elementor-widget elementor-widget-image\" data-id=\"ca6d07d\" data-element_type=\"widget\" data-e-type=\"widget\" data-widget_type=\"image.default\">\n\t\t\t\t\t\t\t\t\t\t\t\t\t\t\t\t<a href=\"\/vivanco-cuvee-inedita-rosado-reserva-extra-brut\/\">\n\t\t\t\t\t\t\t<img decoding=\"async\" width=\"356\" height=\"1024\" src=\"https:\/\/vivancoculturadevino.es\/wp-content\/uploads\/2025\/08\/BRUNES_0003_Vivanco-Espumoso-Rose-Cuvee-Inedita-356x1024.jpg\" class=\"attachment-large size-large wp-image-1435\" alt=\"Vivanco Cuv\u00e9e In\u00e9dita Rosado Reserva Extra Brut\" srcset=\"https:\/\/vivancoculturadevino.es\/wp-content\/uploads\/2025\/08\/BRUNES_0003_Vivanco-Espumoso-Rose-Cuvee-Inedita-356x1024.jpg 356w, https:\/\/vivancoculturadevino.es\/wp-content\/uploads\/2025\/08\/BRUNES_0003_Vivanco-Espumoso-Rose-Cuvee-Inedita-104x300.jpg 104w, https:\/\/vivancoculturadevino.es\/wp-content\/uploads\/2025\/08\/BRUNES_0003_Vivanco-Espumoso-Rose-Cuvee-Inedita-768x2210.jpg 768w, https:\/\/vivancoculturadevino.es\/wp-content\/uploads\/2025\/08\/BRUNES_0003_Vivanco-Espumoso-Rose-Cuvee-Inedita-534x1536.jpg 534w, https:\/\/vivancoculturadevino.es\/wp-content\/uploads\/2025\/08\/BRUNES_0003_Vivanco-Espumoso-Rose-Cuvee-Inedita-712x2048.jpg 712w, https:\/\/vivancoculturadevino.es\/wp-content\/uploads\/2025\/08\/BRUNES_0003_Vivanco-Espumoso-Rose-Cuvee-Inedita-scaled.jpg 890w\" sizes=\"(max-width: 356px) 100vw, 356px\" \/>\t\t\t\t\t\t\t\t<\/a>\n\t\t\t\t\t\t\t\t\t\t\t\t\t\t\t<\/div>\n\t\t\t\t<div class=\"elementor-element elementor-element-04eda9a elementor-widget elementor-widget-heading\" data-id=\"04eda9a\" data-element_type=\"widget\" data-e-type=\"widget\" data-widget_type=\"heading.default\">\n\t\t\t\t\t<h3 class=\"elementor-heading-title elementor-size-default\">ESPUMOSO DOCa. RIOJA<\/h3>\t\t\t\t<\/div>\n\t\t\t\t<div class=\"elementor-element elementor-element-842fb49 elementor-widget elementor-widget-heading\" data-id=\"842fb49\" data-element_type=\"widget\" data-e-type=\"widget\" data-widget_type=\"heading.default\">\n\t\t\t\t\t<h2 class=\"elementor-heading-title elementor-size-default\"><a href=\"\/vivanco-cuvee-inedita-rosado-reserva-extra-brut\">VIVANCO CUV\u00c9E IN\u00c9DITA ROSADO RESERVA EXTRA BRUT<\/a><\/h2>\t\t\t\t<\/div>\n\t\t\t\t<\/div>\n\t\t\t\t<\/div>\n\t\t\t\t<\/div>\n\t\t<div class=\"elementor-element elementor-element-515111a e-con-full e-flex e-con e-child\" data-id=\"515111a\" data-element_type=\"container\" data-e-type=\"container\" data-settings=\"{&quot;background_background&quot;:&quot;classic&quot;}\">\n\t\t\t\t<div class=\"elementor-element elementor-element-cb0a067 elementor-widget elementor-widget-menu-anchor\" data-id=\"cb0a067\" data-element_type=\"widget\" data-e-type=\"widget\" data-widget_type=\"menu-anchor.default\">\n\t\t\t\t\t\t\t<div class=\"elementor-menu-anchor\" id=\"espumosos\"><\/div>\n\t\t\t\t\t\t<\/div>\n\t\t\t\t<\/div>\n\t\t\t\t<\/div>\n\t\t<div class=\"elementor-element elementor-element-8c7f4dc e-grid e-con-full e-con e-parent\" data-id=\"8c7f4dc\" data-element_type=\"container\" data-e-type=\"container\">\n\t\t<div class=\"elementor-element elementor-element-be7aa7e e-con-full e-flex e-con e-child\" data-id=\"be7aa7e\" data-element_type=\"container\" data-e-type=\"container\" data-settings=\"{&quot;background_background&quot;:&quot;classic&quot;}\">\n\t\t\t\t<div class=\"elementor-element elementor-element-ce9b21c elementor-widget elementor-widget-menu-anchor\" data-id=\"ce9b21c\" data-element_type=\"widget\" data-e-type=\"widget\" data-widget_type=\"menu-anchor.default\">\n\t\t\t\t\t\t\t<div class=\"elementor-menu-anchor\" id=\"jovenes\"><\/div>\n\t\t\t\t\t\t<\/div>\n\t\t\t\t<\/div>\n\t\t<div class=\"elementor-element elementor-element-a44362b e-con-full e-flex e-con e-child\" data-id=\"a44362b\" data-element_type=\"container\" data-e-type=\"container\">\n\t\t<div class=\"elementor-element elementor-element-4d35d04 e-con-full animated-slow e-flex elementor-invisible e-con e-child\" data-id=\"4d35d04\" data-element_type=\"container\" data-e-type=\"container\" data-settings=\"{&quot;animation&quot;:&quot;fadeInUp&quot;}\">\n\t\t\t\t<div class=\"elementor-element elementor-element-00d8e70 elementor-widget elementor-widget-heading\" data-id=\"00d8e70\" data-element_type=\"widget\" data-e-type=\"widget\" data-widget_type=\"heading.default\">\n\t\t\t\t\t<h2 class=\"elementor-heading-title elementor-size-default\">J\u00d3VENES<\/h2>\t\t\t\t<\/div>\n\t\t\t\t<div class=\"elementor-element elementor-element-83e6139 elementor-widget__width-initial elementor-widget-tablet__width-initial elementor-widget elementor-widget-text-editor\" data-id=\"83e6139\" data-element_type=\"widget\" data-e-type=\"widget\" data-widget_type=\"text-editor.default\">\n\t\t\t\t\t\t\t\t\t<p class=\"p1\"><span class=\"s1\">Vinos que destacan por la frescura e intensidad frutal como expresi\u00f3n de la influencia atl\u00e1ntica y altitud de nuestros vi\u00f1edos.<\/span><\/p>\t\t\t\t\t\t\t\t<\/div>\n\t\t\t\t<\/div>\n\t\t<div class=\"elementor-element elementor-element-329d6b6 e-con-full animated-slow e-flex elementor-invisible e-con e-child\" data-id=\"329d6b6\" data-element_type=\"container\" data-e-type=\"container\" data-settings=\"{&quot;animation&quot;:&quot;fadeInUp&quot;}\">\n\t\t<div class=\"elementor-element elementor-element-de6402d e-con-full e-flex e-con e-child\" data-id=\"de6402d\" data-element_type=\"container\" data-e-type=\"container\">\n\t\t\t\t<div class=\"elementor-element elementor-element-9cee5ee elementor-widget elementor-widget-image\" data-id=\"9cee5ee\" data-element_type=\"widget\" data-e-type=\"widget\" data-widget_type=\"image.default\">\n\t\t\t\t\t\t\t\t\t\t\t\t\t\t\t\t<a href=\"\/viura-tempranillo-blanco-maturana-blanca\/\">\n\t\t\t\t\t\t\t<img decoding=\"async\" width=\"380\" height=\"1024\" src=\"https:\/\/vivancoculturadevino.es\/wp-content\/uploads\/2026\/03\/vivancoblanco25-scaled-e1773044978375-380x1024.png\" class=\"attachment-large size-large wp-image-4768\" alt=\"\" srcset=\"https:\/\/vivancoculturadevino.es\/wp-content\/uploads\/2026\/03\/vivancoblanco25-scaled-e1773044978375-380x1024.png 380w, https:\/\/vivancoculturadevino.es\/wp-content\/uploads\/2026\/03\/vivancoblanco25-scaled-e1773044978375-111x300.png 111w, https:\/\/vivancoculturadevino.es\/wp-content\/uploads\/2026\/03\/vivancoblanco25-scaled-e1773044978375-768x2069.png 768w, https:\/\/vivancoculturadevino.es\/wp-content\/uploads\/2026\/03\/vivancoblanco25-scaled-e1773044978375-570x1536.png 570w, https:\/\/vivancoculturadevino.es\/wp-content\/uploads\/2026\/03\/vivancoblanco25-scaled-e1773044978375-760x2048.png 760w, https:\/\/vivancoculturadevino.es\/wp-content\/uploads\/2026\/03\/vivancoblanco25-scaled-e1773044978375-4x12.png 4w, https:\/\/vivancoculturadevino.es\/wp-content\/uploads\/2026\/03\/vivancoblanco25-scaled-e1773044978375.png 930w\" sizes=\"(max-width: 380px) 100vw, 380px\" \/>\t\t\t\t\t\t\t\t<\/a>\n\t\t\t\t\t\t\t\t\t\t\t\t\t\t\t<\/div>\n\t\t\t\t<div class=\"elementor-element elementor-element-4331020 elementor-widget elementor-widget-heading\" data-id=\"4331020\" data-element_type=\"widget\" data-e-type=\"widget\" data-widget_type=\"heading.default\">\n\t\t\t\t\t<h3 class=\"elementor-heading-title elementor-size-default\">VIVANCO<\/h3>\t\t\t\t<\/div>\n\t\t\t\t<div class=\"elementor-element elementor-element-d4c9aa1 elementor-widget elementor-widget-heading\" data-id=\"d4c9aa1\" data-element_type=\"widget\" data-e-type=\"widget\" data-widget_type=\"heading.default\">\n\t\t\t\t\t<h2 class=\"elementor-heading-title elementor-size-default\"><a href=\"\/viura-tempranillo-blanco-maturana-blanca\/\">L\u00cdAS FINAS VIURA-TEMPRANILLO BLANCO-MATURANA BLANCA<\/a><\/h2>\t\t\t\t<\/div>\n\t\t\t\t<\/div>\n\t\t<div class=\"elementor-element elementor-element-713ec7c e-con-full e-flex e-con e-child\" data-id=\"713ec7c\" data-element_type=\"container\" data-e-type=\"container\">\n\t\t\t\t<div class=\"elementor-element elementor-element-44e795c elementor-widget elementor-widget-image\" data-id=\"44e795c\" data-element_type=\"widget\" data-e-type=\"widget\" data-widget_type=\"image.default\">\n\t\t\t\t\t\t\t\t\t\t\t\t\t\t\t\t<a href=\"\/tempranillo-garnacha-tinta-blanca\/\">\n\t\t\t\t\t\t\t<img loading=\"lazy\" decoding=\"async\" width=\"356\" height=\"1024\" src=\"https:\/\/vivancoculturadevino.es\/wp-content\/uploads\/2026\/04\/rosado25-356x1024.png\" class=\"attachment-large size-large wp-image-4942\" alt=\"\" srcset=\"https:\/\/vivancoculturadevino.es\/wp-content\/uploads\/2026\/04\/rosado25-356x1024.png 356w, https:\/\/vivancoculturadevino.es\/wp-content\/uploads\/2026\/04\/rosado25-104x300.png 104w, https:\/\/vivancoculturadevino.es\/wp-content\/uploads\/2026\/04\/rosado25-768x2209.png 768w, https:\/\/vivancoculturadevino.es\/wp-content\/uploads\/2026\/04\/rosado25-534x1536.png 534w, https:\/\/vivancoculturadevino.es\/wp-content\/uploads\/2026\/04\/rosado25-712x2048.png 712w, https:\/\/vivancoculturadevino.es\/wp-content\/uploads\/2026\/04\/rosado25-4x12.png 4w, https:\/\/vivancoculturadevino.es\/wp-content\/uploads\/2026\/04\/rosado25.png 890w\" sizes=\"(max-width: 356px) 100vw, 356px\" \/>\t\t\t\t\t\t\t\t<\/a>\n\t\t\t\t\t\t\t\t\t\t\t\t\t\t\t<\/div>\n\t\t\t\t<div class=\"elementor-element elementor-element-2111082 elementor-widget elementor-widget-heading\" data-id=\"2111082\" data-element_type=\"widget\" data-e-type=\"widget\" data-widget_type=\"heading.default\">\n\t\t\t\t\t<h3 class=\"elementor-heading-title elementor-size-default\">VIVANCO<\/h3>\t\t\t\t<\/div>\n\t\t\t\t<div class=\"elementor-element elementor-element-6d85e21 elementor-widget elementor-widget-heading\" data-id=\"6d85e21\" data-element_type=\"widget\" data-e-type=\"widget\" data-widget_type=\"heading.default\">\n\t\t\t\t\t<h2 class=\"elementor-heading-title elementor-size-default\"><a href=\"\/tempranillo-garnacha-tinta-blanca\/\">ROS\u00c9 L\u00cdAS FINAS TEMPRANILLO GARNACHA TINTA Y BLANCA<\/a><\/h2>\t\t\t\t<\/div>\n\t\t\t\t<\/div>\n\t\t\t\t<\/div>\n\t\t\t\t<\/div>\n\t\t\t\t<\/div>\n\t\t<div class=\"elementor-element elementor-element-7193b1b e-grid e-con-full e-con e-parent\" data-id=\"7193b1b\" data-element_type=\"container\" data-e-type=\"container\" id=\"#criados\">\n\t\t<div class=\"elementor-element elementor-element-77792ff e-con-full e-flex e-con e-child\" data-id=\"77792ff\" data-element_type=\"container\" data-e-type=\"container\">\n\t\t<div class=\"elementor-element elementor-element-a1e4f5e e-con-full animated-slow e-flex elementor-invisible e-con e-child\" data-id=\"a1e4f5e\" data-element_type=\"container\" data-e-type=\"container\" data-settings=\"{&quot;animation&quot;:&quot;fadeInUp&quot;}\">\n\t\t\t\t<div class=\"elementor-element elementor-element-ee0c753 elementor-widget elementor-widget-heading\" data-id=\"ee0c753\" data-element_type=\"widget\" data-e-type=\"widget\" data-widget_type=\"heading.default\">\n\t\t\t\t\t<h2 class=\"elementor-heading-title elementor-size-default\">CRIADOS<\/h2>\t\t\t\t<\/div>\n\t\t\t\t<div class=\"elementor-element elementor-element-1f52ea9 elementor-widget__width-initial elementor-widget-tablet__width-initial elementor-widget elementor-widget-text-editor\" data-id=\"1f52ea9\" data-element_type=\"widget\" data-e-type=\"widget\" data-widget_type=\"text-editor.default\">\n\t\t\t\t\t\t\t\t\t<p class=\"p1\"><span class=\"s1\">Vinos que reinterpretan desde el vi\u00f1edo y la moderna elaboraci\u00f3n y crianza las tradicionales categor\u00edas de Rioja.<\/span><\/p>\t\t\t\t\t\t\t\t<\/div>\n\t\t\t\t<\/div>\n\t\t<div class=\"elementor-element elementor-element-9ec2a5f e-con-full animated-slow e-flex elementor-invisible e-con e-child\" data-id=\"9ec2a5f\" data-element_type=\"container\" data-e-type=\"container\" data-settings=\"{&quot;animation&quot;:&quot;fadeInUp&quot;}\">\n\t\t<div class=\"elementor-element elementor-element-c27a661 e-con-full e-flex e-con e-child\" data-id=\"c27a661\" data-element_type=\"container\" data-e-type=\"container\">\n\t\t\t\t<div class=\"elementor-element elementor-element-1246877 elementor-widget elementor-widget-image\" data-id=\"1246877\" data-element_type=\"widget\" data-e-type=\"widget\" data-widget_type=\"image.default\">\n\t\t\t\t\t\t\t\t\t\t\t\t\t\t\t\t<a href=\"\/crianza\/\">\n\t\t\t\t\t\t\t<img loading=\"lazy\" decoding=\"async\" width=\"356\" height=\"1024\" src=\"https:\/\/vivancoculturadevino.es\/wp-content\/uploads\/2025\/08\/BRUNES-356x1024.jpg\" class=\"attachment-large size-large wp-image-1469\" alt=\"Crianza\" srcset=\"https:\/\/vivancoculturadevino.es\/wp-content\/uploads\/2025\/08\/BRUNES-356x1024.jpg 356w, https:\/\/vivancoculturadevino.es\/wp-content\/uploads\/2025\/08\/BRUNES-104x300.jpg 104w, https:\/\/vivancoculturadevino.es\/wp-content\/uploads\/2025\/08\/BRUNES-768x2210.jpg 768w, https:\/\/vivancoculturadevino.es\/wp-content\/uploads\/2025\/08\/BRUNES-534x1536.jpg 534w, https:\/\/vivancoculturadevino.es\/wp-content\/uploads\/2025\/08\/BRUNES-712x2048.jpg 712w, https:\/\/vivancoculturadevino.es\/wp-content\/uploads\/2025\/08\/BRUNES-scaled.jpg 890w\" sizes=\"(max-width: 356px) 100vw, 356px\" \/>\t\t\t\t\t\t\t\t<\/a>\n\t\t\t\t\t\t\t\t\t\t\t\t\t\t\t<\/div>\n\t\t\t\t<div class=\"elementor-element elementor-element-dd9e1cb elementor-widget elementor-widget-heading\" data-id=\"dd9e1cb\" data-element_type=\"widget\" data-e-type=\"widget\" data-widget_type=\"heading.default\">\n\t\t\t\t\t<h3 class=\"elementor-heading-title elementor-size-default\">VIVANCO<\/h3>\t\t\t\t<\/div>\n\t\t\t\t<div class=\"elementor-element elementor-element-165e9dc elementor-widget elementor-widget-heading\" data-id=\"165e9dc\" data-element_type=\"widget\" data-e-type=\"widget\" data-widget_type=\"heading.default\">\n\t\t\t\t\t<h2 class=\"elementor-heading-title elementor-size-default\"><a href=\"\/crianza\/\" target=\"_blank\">CRIANZA<\/a><\/h2>\t\t\t\t<\/div>\n\t\t\t\t<\/div>\n\t\t<div class=\"elementor-element elementor-element-9d78c97 e-con-full e-flex e-con e-child\" data-id=\"9d78c97\" data-element_type=\"container\" data-e-type=\"container\">\n\t\t\t\t<div class=\"elementor-element elementor-element-5138d70 elementor-widget elementor-widget-image\" data-id=\"5138d70\" data-element_type=\"widget\" data-e-type=\"widget\" data-widget_type=\"image.default\">\n\t\t\t\t\t\t\t\t\t\t\t\t\t\t\t\t<a href=\"\/reserva\/\">\n\t\t\t\t\t\t\t<img loading=\"lazy\" decoding=\"async\" width=\"356\" height=\"1024\" src=\"https:\/\/vivancoculturadevino.es\/wp-content\/uploads\/2025\/08\/BRUNES_0002_Vivanco-Reserva-356x1024.jpg\" class=\"attachment-large size-large wp-image-1439\" alt=\"Reserva\" srcset=\"https:\/\/vivancoculturadevino.es\/wp-content\/uploads\/2025\/08\/BRUNES_0002_Vivanco-Reserva-356x1024.jpg 356w, https:\/\/vivancoculturadevino.es\/wp-content\/uploads\/2025\/08\/BRUNES_0002_Vivanco-Reserva-104x300.jpg 104w, https:\/\/vivancoculturadevino.es\/wp-content\/uploads\/2025\/08\/BRUNES_0002_Vivanco-Reserva-768x2210.jpg 768w, https:\/\/vivancoculturadevino.es\/wp-content\/uploads\/2025\/08\/BRUNES_0002_Vivanco-Reserva-534x1536.jpg 534w, https:\/\/vivancoculturadevino.es\/wp-content\/uploads\/2025\/08\/BRUNES_0002_Vivanco-Reserva-712x2048.jpg 712w, https:\/\/vivancoculturadevino.es\/wp-content\/uploads\/2025\/08\/BRUNES_0002_Vivanco-Reserva-scaled.jpg 890w\" sizes=\"(max-width: 356px) 100vw, 356px\" \/>\t\t\t\t\t\t\t\t<\/a>\n\t\t\t\t\t\t\t\t\t\t\t\t\t\t\t<\/div>\n\t\t\t\t<div class=\"elementor-element elementor-element-71d46a9 elementor-widget elementor-widget-heading\" data-id=\"71d46a9\" data-element_type=\"widget\" data-e-type=\"widget\" data-widget_type=\"heading.default\">\n\t\t\t\t\t<h3 class=\"elementor-heading-title elementor-size-default\">VIVANCO<\/h3>\t\t\t\t<\/div>\n\t\t\t\t<div class=\"elementor-element elementor-element-2db1dab elementor-widget elementor-widget-heading\" data-id=\"2db1dab\" data-element_type=\"widget\" data-e-type=\"widget\" data-widget_type=\"heading.default\">\n\t\t\t\t\t<h2 class=\"elementor-heading-title elementor-size-default\"><a href=\"\/reserva\/\">RESERVA<\/a><\/h2>\t\t\t\t<\/div>\n\t\t\t\t<\/div>\n\t\t\t\t<\/div>\n\t\t\t\t<\/div>\n\t\t<div class=\"elementor-element elementor-element-e8bb174 e-con-full e-flex e-con e-child\" data-id=\"e8bb174\" data-element_type=\"container\" data-e-type=\"container\" data-settings=\"{&quot;background_background&quot;:&quot;classic&quot;}\">\n\t\t\t\t<div class=\"elementor-element elementor-element-2fda8b6 elementor-widget elementor-widget-menu-anchor\" data-id=\"2fda8b6\" data-element_type=\"widget\" data-e-type=\"widget\" data-widget_type=\"menu-anchor.default\">\n\t\t\t\t\t\t\t<div class=\"elementor-menu-anchor\" id=\"criados\"><\/div>\n\t\t\t\t\t\t<\/div>\n\t\t\t\t<\/div>\n\t\t\t\t<\/div>\n\t\t<div class=\"elementor-element elementor-element-cbe0604 e-grid e-con-full e-con e-parent\" data-id=\"cbe0604\" data-element_type=\"container\" data-e-type=\"container\">\n\t\t<div class=\"elementor-element elementor-element-3560e11 e-con-full e-flex e-con e-child\" data-id=\"3560e11\" data-element_type=\"container\" data-e-type=\"container\" data-settings=\"{&quot;background_background&quot;:&quot;classic&quot;}\">\n\t\t\t\t<div class=\"elementor-element elementor-element-99745da elementor-widget elementor-widget-menu-anchor\" data-id=\"99745da\" data-element_type=\"widget\" data-e-type=\"widget\" data-widget_type=\"menu-anchor.default\">\n\t\t\t\t\t\t\t<div class=\"elementor-menu-anchor\" id=\"brunes\"><\/div>\n\t\t\t\t\t\t<\/div>\n\t\t\t\t<\/div>\n\t\t<div class=\"elementor-element elementor-element-7ad19f0 e-con-full e-flex e-con e-child\" data-id=\"7ad19f0\" data-element_type=\"container\" data-e-type=\"container\">\n\t\t<div class=\"elementor-element elementor-element-13f489e e-con-full animated-slow e-flex elementor-invisible e-con e-child\" data-id=\"13f489e\" data-element_type=\"container\" data-e-type=\"container\" data-settings=\"{&quot;animation&quot;:&quot;fadeInUp&quot;}\">\n\t\t\t\t<div class=\"elementor-element elementor-element-c6567c9 elementor-widget elementor-widget-heading\" data-id=\"c6567c9\" data-element_type=\"widget\" data-e-type=\"widget\" data-widget_type=\"heading.default\">\n\t\t\t\t\t<h2 class=\"elementor-heading-title elementor-size-default\">VIVANCO BRUNES<\/h2>\t\t\t\t<\/div>\n\t\t\t\t<div class=\"elementor-element elementor-element-f38f53c elementor-widget elementor-widget-heading\" data-id=\"f38f53c\" data-element_type=\"widget\" data-e-type=\"widget\" data-widget_type=\"heading.default\">\n\t\t\t\t\t<h2 class=\"elementor-heading-title elementor-size-default\">VINO DE PUEBLO (BRIONES)<\/h2>\t\t\t\t<\/div>\n\t\t\t\t<div class=\"elementor-element elementor-element-7af2215 elementor-widget__width-initial elementor-widget-tablet__width-initial elementor-widget elementor-widget-text-editor\" data-id=\"7af2215\" data-element_type=\"widget\" data-e-type=\"widget\" data-widget_type=\"text-editor.default\">\n\t\t\t\t\t\t\t\t\t<p class=\"p1\">Vivanco Brunes es el nuevo Vino de Pueblo de Rafael Vivanco elaborado a partir de una seleccio\u0301n de dos parcelas de vi\u00f1edo propio que cultiva la familia Vivanco en el terrun\u0303o de Briones bajo los para\u0301metros de la Viticultura Ecol\u00f3gica. Un vino que refleja el cara\u0301cter de este municipio tan singular de Rioja Alta, marcado por la gran diversidad de sus suelos y una mayor influencia del clima atla\u0301ntico.<\/p>\t\t\t\t\t\t\t\t<\/div>\n\t\t\t\t<\/div>\n\t\t<div class=\"elementor-element elementor-element-b109f61 e-con-full animated-slow e-flex elementor-invisible e-con e-child\" data-id=\"b109f61\" data-element_type=\"container\" data-e-type=\"container\" data-settings=\"{&quot;animation&quot;:&quot;fadeInUp&quot;}\">\n\t\t<div class=\"elementor-element elementor-element-c785a21 e-con-full e-flex e-con e-child\" data-id=\"c785a21\" data-element_type=\"container\" data-e-type=\"container\">\n\t\t\t\t<div class=\"elementor-element elementor-element-ed23e33 elementor-widget elementor-widget-image\" data-id=\"ed23e33\" data-element_type=\"widget\" data-e-type=\"widget\" data-widget_type=\"image.default\">\n\t\t\t\t\t\t\t\t\t\t\t\t\t\t\t\t<a href=\"\/vivanco-brunes\">\n\t\t\t\t\t\t\t<img loading=\"lazy\" decoding=\"async\" width=\"356\" height=\"1024\" src=\"https:\/\/vivancoculturadevino.es\/wp-content\/uploads\/2025\/08\/BRUNES_0016_Layer-1-356x1024.jpg\" class=\"attachment-large size-large wp-image-1427\" alt=\"Vivanco Brunes\" srcset=\"https:\/\/vivancoculturadevino.es\/wp-content\/uploads\/2025\/08\/BRUNES_0016_Layer-1-356x1024.jpg 356w, https:\/\/vivancoculturadevino.es\/wp-content\/uploads\/2025\/08\/BRUNES_0016_Layer-1-104x300.jpg 104w, https:\/\/vivancoculturadevino.es\/wp-content\/uploads\/2025\/08\/BRUNES_0016_Layer-1-768x2210.jpg 768w, https:\/\/vivancoculturadevino.es\/wp-content\/uploads\/2025\/08\/BRUNES_0016_Layer-1-534x1536.jpg 534w, https:\/\/vivancoculturadevino.es\/wp-content\/uploads\/2025\/08\/BRUNES_0016_Layer-1-712x2048.jpg 712w, https:\/\/vivancoculturadevino.es\/wp-content\/uploads\/2025\/08\/BRUNES_0016_Layer-1-scaled.jpg 890w\" sizes=\"(max-width: 356px) 100vw, 356px\" \/>\t\t\t\t\t\t\t\t<\/a>\n\t\t\t\t\t\t\t\t\t\t\t\t\t\t\t<\/div>\n\t\t\t\t<div class=\"elementor-element elementor-element-a5d6e51 elementor-widget elementor-widget-heading\" data-id=\"a5d6e51\" data-element_type=\"widget\" data-e-type=\"widget\" data-widget_type=\"heading.default\">\n\t\t\t\t\t<h3 class=\"elementor-heading-title elementor-size-default\">VINO DE PUEBLO<\/h3>\t\t\t\t<\/div>\n\t\t\t\t<div class=\"elementor-element elementor-element-e26edd5 elementor-widget elementor-widget-heading\" data-id=\"e26edd5\" data-element_type=\"widget\" data-e-type=\"widget\" data-widget_type=\"heading.default\">\n\t\t\t\t\t<h2 class=\"elementor-heading-title elementor-size-default\"><a href=\"\/vivanco-brunes\/\">VIVANCO BRUNES<\/a><\/h2>\t\t\t\t<\/div>\n\t\t\t\t<\/div>\n\t\t\t\t<\/div>\n\t\t\t\t<\/div>\n\t\t\t\t<\/div>\n\t\t<div class=\"elementor-element elementor-element-afa065a e-con-full e-flex e-con e-parent\" data-id=\"afa065a\" data-element_type=\"container\" data-e-type=\"container\">\n\t\t\t\t<div class=\"elementor-element elementor-element-dae8204 elementor-widget elementor-widget-menu-anchor\" data-id=\"dae8204\" data-element_type=\"widget\" data-e-type=\"widget\" data-widget_type=\"menu-anchor.default\">\n\t\t\t\t\t\t\t<div class=\"elementor-menu-anchor\" id=\"coleccion\"><\/div>\n\t\t\t\t\t\t<\/div>\n\t\t<div class=\"elementor-element elementor-element-cf9113b e-con-full e-flex e-con e-child\" data-id=\"cf9113b\" data-element_type=\"container\" data-e-type=\"container\">\n\t\t<div class=\"elementor-element elementor-element-303f67b e-con-full animated-slow e-flex elementor-invisible e-con e-child\" data-id=\"303f67b\" data-element_type=\"container\" data-e-type=\"container\" data-settings=\"{&quot;animation&quot;:&quot;fadeInUp&quot;}\">\n\t\t\t\t<div class=\"elementor-element elementor-element-85d84f0 elementor-widget elementor-widget-heading\" data-id=\"85d84f0\" data-element_type=\"widget\" data-e-type=\"widget\" data-widget_type=\"heading.default\">\n\t\t\t\t\t<h2 class=\"elementor-heading-title elementor-size-default\">COLECCI\u00d3N VIVANCO<\/h2>\t\t\t\t<\/div>\n\t\t\t\t<div class=\"elementor-element elementor-element-41a4ad7 elementor-widget__width-initial elementor-widget-tablet__width-initial elementor-widget elementor-widget-text-editor\" data-id=\"41a4ad7\" data-element_type=\"widget\" data-e-type=\"widget\" data-widget_type=\"text-editor.default\">\n\t\t\t\t\t\t\t\t\t<p>\u00abEsta Colecci\u00f3n de vinos representa mi reto personal de compartir la pasi\u00f3n de mi familia por La Rioja y la Cultura del Vino. Para ello he elaborado vinos de\u00a0<strong>producciones muy limitadas<\/strong>\u00a0que descubren expresiones \u00fanicas de las<strong>\u00a0variedades tradicionales, aut\u00f3ctonas y minoritarias de Rioja<\/strong>, a trav\u00e9s de una selecci\u00f3n de parcelas de nuestros vi\u00f1edos situados en\u00a0<strong>terru\u00f1os privilegiados<\/strong>\u00a0que mostrar\u00e1n todo el potencial de cada variedad. Colecci\u00f3n Vivanco es un paseo por el Rioja, por su diversidad, por su personalidad. Un homenaje a esta tierra y a sus paisajes\u00bb. &#8211;\u00a0<em>Rafael Vivanco<\/em><\/p><p>El car\u00e1cter de cada uno de los vinos lo hemos reflejado asoci\u00e1ndolo a piezas originales de la colecci\u00f3n de nuestro Museo Vivanco de la Cultura del Vino.<\/p>\t\t\t\t\t\t\t\t<\/div>\n\t\t\t\t<\/div>\n\t\t<div class=\"elementor-element elementor-element-af948f2 e-con-full animated-slow e-flex elementor-invisible e-con e-child\" data-id=\"af948f2\" data-element_type=\"container\" data-e-type=\"container\" data-settings=\"{&quot;animation&quot;:&quot;fadeInUp&quot;}\">\n\t\t<div class=\"elementor-element elementor-element-cfbe63c e-grid e-con-full e-con e-child\" data-id=\"cfbe63c\" data-element_type=\"container\" data-e-type=\"container\">\n\t\t<div class=\"elementor-element elementor-element-33b262f e-con-full e-flex e-con e-child\" data-id=\"33b262f\" data-element_type=\"container\" data-e-type=\"container\">\n\t\t\t\t<div class=\"elementor-element elementor-element-3832112 elementor-widget elementor-widget-image\" data-id=\"3832112\" data-element_type=\"widget\" data-e-type=\"widget\" data-widget_type=\"image.default\">\n\t\t\t\t\t\t\t\t\t\t\t\t\t\t\t\t<a href=\"\/cuatro-varietales\/\">\n\t\t\t\t\t\t\t<img loading=\"lazy\" decoding=\"async\" width=\"356\" height=\"1024\" src=\"https:\/\/vivancoculturadevino.es\/wp-content\/uploads\/2025\/08\/BRUNES_0008_Vivanco-Coleccion-4-Varietales_No-Anada-356x1024.jpg\" class=\"attachment-large size-large wp-image-1414\" alt=\"4 Varietales\" srcset=\"https:\/\/vivancoculturadevino.es\/wp-content\/uploads\/2025\/08\/BRUNES_0008_Vivanco-Coleccion-4-Varietales_No-Anada-356x1024.jpg 356w, https:\/\/vivancoculturadevino.es\/wp-content\/uploads\/2025\/08\/BRUNES_0008_Vivanco-Coleccion-4-Varietales_No-Anada-104x300.jpg 104w, https:\/\/vivancoculturadevino.es\/wp-content\/uploads\/2025\/08\/BRUNES_0008_Vivanco-Coleccion-4-Varietales_No-Anada-768x2210.jpg 768w, https:\/\/vivancoculturadevino.es\/wp-content\/uploads\/2025\/08\/BRUNES_0008_Vivanco-Coleccion-4-Varietales_No-Anada-534x1536.jpg 534w, https:\/\/vivancoculturadevino.es\/wp-content\/uploads\/2025\/08\/BRUNES_0008_Vivanco-Coleccion-4-Varietales_No-Anada-712x2048.jpg 712w, https:\/\/vivancoculturadevino.es\/wp-content\/uploads\/2025\/08\/BRUNES_0008_Vivanco-Coleccion-4-Varietales_No-Anada-scaled.jpg 890w\" sizes=\"(max-width: 356px) 100vw, 356px\" \/>\t\t\t\t\t\t\t\t<\/a>\n\t\t\t\t\t\t\t\t\t\t\t\t\t\t\t<\/div>\n\t\t\t\t<div class=\"elementor-element elementor-element-9be47b2 elementor-widget elementor-widget-heading\" data-id=\"9be47b2\" data-element_type=\"widget\" data-e-type=\"widget\" data-widget_type=\"heading.default\">\n\t\t\t\t\t<h3 class=\"elementor-heading-title elementor-size-default\">COLECCI\u00d3N VIVANCO<\/h3>\t\t\t\t<\/div>\n\t\t\t\t<div class=\"elementor-element elementor-element-3d41a93 elementor-widget elementor-widget-heading\" data-id=\"3d41a93\" data-element_type=\"widget\" data-e-type=\"widget\" data-widget_type=\"heading.default\">\n\t\t\t\t\t<h2 class=\"elementor-heading-title elementor-size-default\"><a href=\"\/cuatro-varietales\/\">4 VARIETALES<\/a><\/h2>\t\t\t\t<\/div>\n\t\t\t\t<\/div>\n\t\t<div class=\"elementor-element elementor-element-4b98d61 e-con-full e-flex e-con e-child\" data-id=\"4b98d61\" data-element_type=\"container\" data-e-type=\"container\">\n\t\t\t\t<div class=\"elementor-element elementor-element-bad5c31 elementor-widget elementor-widget-image\" data-id=\"bad5c31\" data-element_type=\"widget\" data-e-type=\"widget\" data-widget_type=\"image.default\">\n\t\t\t\t\t\t\t\t\t\t\t\t\t\t\t\t<a href=\"\/parcelas-de-garnacha\/\">\n\t\t\t\t\t\t\t<img loading=\"lazy\" decoding=\"async\" width=\"356\" height=\"1024\" src=\"https:\/\/vivancoculturadevino.es\/wp-content\/uploads\/2025\/08\/BRUNES_0007_Vivanco-Coleccion-Parcelas-Garnacha_No-anada-356x1024.jpg\" class=\"attachment-large size-large wp-image-1415\" alt=\"Parcelas de Garnacha\" srcset=\"https:\/\/vivancoculturadevino.es\/wp-content\/uploads\/2025\/08\/BRUNES_0007_Vivanco-Coleccion-Parcelas-Garnacha_No-anada-356x1024.jpg 356w, https:\/\/vivancoculturadevino.es\/wp-content\/uploads\/2025\/08\/BRUNES_0007_Vivanco-Coleccion-Parcelas-Garnacha_No-anada-104x300.jpg 104w, https:\/\/vivancoculturadevino.es\/wp-content\/uploads\/2025\/08\/BRUNES_0007_Vivanco-Coleccion-Parcelas-Garnacha_No-anada-768x2210.jpg 768w, https:\/\/vivancoculturadevino.es\/wp-content\/uploads\/2025\/08\/BRUNES_0007_Vivanco-Coleccion-Parcelas-Garnacha_No-anada-534x1536.jpg 534w, https:\/\/vivancoculturadevino.es\/wp-content\/uploads\/2025\/08\/BRUNES_0007_Vivanco-Coleccion-Parcelas-Garnacha_No-anada-712x2048.jpg 712w, https:\/\/vivancoculturadevino.es\/wp-content\/uploads\/2025\/08\/BRUNES_0007_Vivanco-Coleccion-Parcelas-Garnacha_No-anada-scaled.jpg 890w\" sizes=\"(max-width: 356px) 100vw, 356px\" \/>\t\t\t\t\t\t\t\t<\/a>\n\t\t\t\t\t\t\t\t\t\t\t\t\t\t\t<\/div>\n\t\t\t\t<div class=\"elementor-element elementor-element-401ca56 elementor-widget elementor-widget-heading\" data-id=\"401ca56\" data-element_type=\"widget\" data-e-type=\"widget\" data-widget_type=\"heading.default\">\n\t\t\t\t\t<h3 class=\"elementor-heading-title elementor-size-default\">COLECCI\u00d3N VIVANCO<\/h3>\t\t\t\t<\/div>\n\t\t\t\t<div class=\"elementor-element elementor-element-7c6bb10 elementor-widget elementor-widget-heading\" data-id=\"7c6bb10\" data-element_type=\"widget\" data-e-type=\"widget\" data-widget_type=\"heading.default\">\n\t\t\t\t\t<h2 class=\"elementor-heading-title elementor-size-default\"><a href=\"\/parcelas-de-garnacha\/\">PARCELAS DE GARNACHA<\/a><\/h2>\t\t\t\t<\/div>\n\t\t\t\t<\/div>\n\t\t<div class=\"elementor-element elementor-element-f487193 e-con-full e-flex e-con e-child\" data-id=\"f487193\" data-element_type=\"container\" data-e-type=\"container\">\n\t\t\t\t<div class=\"elementor-element elementor-element-4fff3b5 elementor-widget elementor-widget-image\" data-id=\"4fff3b5\" data-element_type=\"widget\" data-e-type=\"widget\" data-widget_type=\"image.default\">\n\t\t\t\t\t\t\t\t\t\t\t\t\t\t\t\t<a href=\"\/parcelas-de-mazuelo\/\">\n\t\t\t\t\t\t\t<img loading=\"lazy\" decoding=\"async\" width=\"356\" height=\"1024\" src=\"https:\/\/vivancoculturadevino.es\/wp-content\/uploads\/2025\/08\/BRUNES_0011_mazuelo-356x1024.jpg\" class=\"attachment-large size-large wp-image-1418\" alt=\"Parcelas de Mazuelo\" srcset=\"https:\/\/vivancoculturadevino.es\/wp-content\/uploads\/2025\/08\/BRUNES_0011_mazuelo-356x1024.jpg 356w, https:\/\/vivancoculturadevino.es\/wp-content\/uploads\/2025\/08\/BRUNES_0011_mazuelo-104x300.jpg 104w, https:\/\/vivancoculturadevino.es\/wp-content\/uploads\/2025\/08\/BRUNES_0011_mazuelo-768x2210.jpg 768w, https:\/\/vivancoculturadevino.es\/wp-content\/uploads\/2025\/08\/BRUNES_0011_mazuelo-534x1536.jpg 534w, https:\/\/vivancoculturadevino.es\/wp-content\/uploads\/2025\/08\/BRUNES_0011_mazuelo-712x2048.jpg 712w, https:\/\/vivancoculturadevino.es\/wp-content\/uploads\/2025\/08\/BRUNES_0011_mazuelo-scaled.jpg 890w\" sizes=\"(max-width: 356px) 100vw, 356px\" \/>\t\t\t\t\t\t\t\t<\/a>\n\t\t\t\t\t\t\t\t\t\t\t\t\t\t\t<\/div>\n\t\t\t\t<div class=\"elementor-element elementor-element-fc52248 elementor-widget elementor-widget-heading\" data-id=\"fc52248\" data-element_type=\"widget\" data-e-type=\"widget\" data-widget_type=\"heading.default\">\n\t\t\t\t\t<h3 class=\"elementor-heading-title elementor-size-default\">COLECCI\u00d3N VIVANCO<\/h3>\t\t\t\t<\/div>\n\t\t\t\t<div class=\"elementor-element elementor-element-424649e elementor-widget elementor-widget-heading\" data-id=\"424649e\" data-element_type=\"widget\" data-e-type=\"widget\" data-widget_type=\"heading.default\">\n\t\t\t\t\t<h2 class=\"elementor-heading-title elementor-size-default\"><a href=\"\/parcelas-de-mazuelo\/\">PARCELAS DE MAZUELO<\/a><\/h2>\t\t\t\t<\/div>\n\t\t\t\t<\/div>\n\t\t<div class=\"elementor-element elementor-element-010a8be e-con-full e-flex e-con e-child\" data-id=\"010a8be\" data-element_type=\"container\" data-e-type=\"container\">\n\t\t\t\t<div class=\"elementor-element elementor-element-9a6c125 elementor-widget elementor-widget-image\" data-id=\"9a6c125\" data-element_type=\"widget\" data-e-type=\"widget\" data-widget_type=\"image.default\">\n\t\t\t\t\t\t\t\t\t\t\t\t\t\t\t\t<a href=\"\/parcelas-de-maturana-tinta\/\">\n\t\t\t\t\t\t\t<img loading=\"lazy\" decoding=\"async\" width=\"356\" height=\"1024\" src=\"https:\/\/vivancoculturadevino.es\/wp-content\/uploads\/2025\/08\/BRUNES_0005_Vivanco-Coleccion-Parcelas-Maturana-Tinta_No-anada-356x1024.jpg\" class=\"attachment-large size-large wp-image-1417\" alt=\"Parcelas de Maturana Tinta\" srcset=\"https:\/\/vivancoculturadevino.es\/wp-content\/uploads\/2025\/08\/BRUNES_0005_Vivanco-Coleccion-Parcelas-Maturana-Tinta_No-anada-356x1024.jpg 356w, https:\/\/vivancoculturadevino.es\/wp-content\/uploads\/2025\/08\/BRUNES_0005_Vivanco-Coleccion-Parcelas-Maturana-Tinta_No-anada-104x300.jpg 104w, https:\/\/vivancoculturadevino.es\/wp-content\/uploads\/2025\/08\/BRUNES_0005_Vivanco-Coleccion-Parcelas-Maturana-Tinta_No-anada-768x2210.jpg 768w, https:\/\/vivancoculturadevino.es\/wp-content\/uploads\/2025\/08\/BRUNES_0005_Vivanco-Coleccion-Parcelas-Maturana-Tinta_No-anada-534x1536.jpg 534w, https:\/\/vivancoculturadevino.es\/wp-content\/uploads\/2025\/08\/BRUNES_0005_Vivanco-Coleccion-Parcelas-Maturana-Tinta_No-anada-712x2048.jpg 712w, https:\/\/vivancoculturadevino.es\/wp-content\/uploads\/2025\/08\/BRUNES_0005_Vivanco-Coleccion-Parcelas-Maturana-Tinta_No-anada-scaled.jpg 890w\" sizes=\"(max-width: 356px) 100vw, 356px\" \/>\t\t\t\t\t\t\t\t<\/a>\n\t\t\t\t\t\t\t\t\t\t\t\t\t\t\t<\/div>\n\t\t\t\t<div class=\"elementor-element elementor-element-0656a53 elementor-widget elementor-widget-heading\" data-id=\"0656a53\" data-element_type=\"widget\" data-e-type=\"widget\" data-widget_type=\"heading.default\">\n\t\t\t\t\t<h3 class=\"elementor-heading-title elementor-size-default\">COLECCI\u00d3N VIVANCO<\/h3>\t\t\t\t<\/div>\n\t\t\t\t<div class=\"elementor-element elementor-element-6479b3f elementor-widget elementor-widget-heading\" data-id=\"6479b3f\" data-element_type=\"widget\" data-e-type=\"widget\" data-widget_type=\"heading.default\">\n\t\t\t\t\t<h2 class=\"elementor-heading-title elementor-size-default\"><a href=\"\/parcelas-de-maturana-tinta\/\">PARCELAS DE MATURANA TINTA<\/a><\/h2>\t\t\t\t<\/div>\n\t\t\t\t<\/div>\n\t\t<div class=\"elementor-element elementor-element-16af6b1 e-con-full e-flex e-con e-child\" data-id=\"16af6b1\" data-element_type=\"container\" data-e-type=\"container\">\n\t\t\t\t<div class=\"elementor-element elementor-element-8c830ec elementor-widget elementor-widget-image\" data-id=\"8c830ec\" data-element_type=\"widget\" data-e-type=\"widget\" data-widget_type=\"image.default\">\n\t\t\t\t\t\t\t\t\t\t\t\t\t\t\t\t<a href=\"\/parcelas-de-graciano\/\">\n\t\t\t\t\t\t\t<img loading=\"lazy\" decoding=\"async\" width=\"356\" height=\"1024\" src=\"https:\/\/vivancoculturadevino.es\/wp-content\/uploads\/2025\/08\/BRUNES_0006_Vivanco-Coleccion-Parcelas-Graciano_No-anada-356x1024.jpg\" class=\"attachment-large size-large wp-image-1416\" alt=\"Parcelas de Graciano\" srcset=\"https:\/\/vivancoculturadevino.es\/wp-content\/uploads\/2025\/08\/BRUNES_0006_Vivanco-Coleccion-Parcelas-Graciano_No-anada-356x1024.jpg 356w, https:\/\/vivancoculturadevino.es\/wp-content\/uploads\/2025\/08\/BRUNES_0006_Vivanco-Coleccion-Parcelas-Graciano_No-anada-104x300.jpg 104w, https:\/\/vivancoculturadevino.es\/wp-content\/uploads\/2025\/08\/BRUNES_0006_Vivanco-Coleccion-Parcelas-Graciano_No-anada-768x2210.jpg 768w, https:\/\/vivancoculturadevino.es\/wp-content\/uploads\/2025\/08\/BRUNES_0006_Vivanco-Coleccion-Parcelas-Graciano_No-anada-534x1536.jpg 534w, https:\/\/vivancoculturadevino.es\/wp-content\/uploads\/2025\/08\/BRUNES_0006_Vivanco-Coleccion-Parcelas-Graciano_No-anada-712x2048.jpg 712w, https:\/\/vivancoculturadevino.es\/wp-content\/uploads\/2025\/08\/BRUNES_0006_Vivanco-Coleccion-Parcelas-Graciano_No-anada-scaled.jpg 890w\" sizes=\"(max-width: 356px) 100vw, 356px\" \/>\t\t\t\t\t\t\t\t<\/a>\n\t\t\t\t\t\t\t\t\t\t\t\t\t\t\t<\/div>\n\t\t\t\t<div class=\"elementor-element elementor-element-aa74b46 elementor-widget elementor-widget-heading\" data-id=\"aa74b46\" data-element_type=\"widget\" data-e-type=\"widget\" data-widget_type=\"heading.default\">\n\t\t\t\t\t<h2 class=\"elementor-heading-title elementor-size-default\">COLECCI\u00d3N VIVANCO<\/h2>\t\t\t\t<\/div>\n\t\t\t\t<div class=\"elementor-element elementor-element-b7ca172 elementor-widget elementor-widget-heading\" data-id=\"b7ca172\" data-element_type=\"widget\" data-e-type=\"widget\" data-widget_type=\"heading.default\">\n\t\t\t\t\t<h2 class=\"elementor-heading-title elementor-size-default\"><a href=\"\/parcelas-de-graciano\/\">PARCELAS DE GRACIANO<\/a><\/h2>\t\t\t\t<\/div>\n\t\t\t\t<\/div>\n\t\t<div class=\"elementor-element elementor-element-d6e8c3c e-con-full e-flex e-con e-child\" data-id=\"d6e8c3c\" data-element_type=\"container\" data-e-type=\"container\">\n\t\t\t\t<div class=\"elementor-element elementor-element-ee3c7c5 elementor-widget elementor-widget-image\" data-id=\"ee3c7c5\" data-element_type=\"widget\" data-e-type=\"widget\" data-widget_type=\"image.default\">\n\t\t\t\t\t\t\t\t\t\t\t\t\t\t\t\t<a href=\"\/cuatro-varietales-dulce-de-invierno\/\">\n\t\t\t\t\t\t\t<img loading=\"lazy\" decoding=\"async\" width=\"356\" height=\"1024\" src=\"https:\/\/vivancoculturadevino.es\/wp-content\/uploads\/2025\/08\/BRUNES_0000_Vivanco_4-Varietales_Dulce-de-Invierno-356x1024.jpg\" class=\"attachment-large size-large wp-image-1398\" alt=\"4 Varietales Dulce de Invierno\" srcset=\"https:\/\/vivancoculturadevino.es\/wp-content\/uploads\/2025\/08\/BRUNES_0000_Vivanco_4-Varietales_Dulce-de-Invierno-356x1024.jpg 356w, https:\/\/vivancoculturadevino.es\/wp-content\/uploads\/2025\/08\/BRUNES_0000_Vivanco_4-Varietales_Dulce-de-Invierno-104x300.jpg 104w, https:\/\/vivancoculturadevino.es\/wp-content\/uploads\/2025\/08\/BRUNES_0000_Vivanco_4-Varietales_Dulce-de-Invierno-768x2210.jpg 768w, https:\/\/vivancoculturadevino.es\/wp-content\/uploads\/2025\/08\/BRUNES_0000_Vivanco_4-Varietales_Dulce-de-Invierno-534x1536.jpg 534w, https:\/\/vivancoculturadevino.es\/wp-content\/uploads\/2025\/08\/BRUNES_0000_Vivanco_4-Varietales_Dulce-de-Invierno-712x2048.jpg 712w, https:\/\/vivancoculturadevino.es\/wp-content\/uploads\/2025\/08\/BRUNES_0000_Vivanco_4-Varietales_Dulce-de-Invierno-scaled.jpg 890w\" sizes=\"(max-width: 356px) 100vw, 356px\" \/>\t\t\t\t\t\t\t\t<\/a>\n\t\t\t\t\t\t\t\t\t\t\t\t\t\t\t<\/div>\n\t\t\t\t<div class=\"elementor-element elementor-element-7f5b0e8 elementor-widget elementor-widget-heading\" data-id=\"7f5b0e8\" data-element_type=\"widget\" data-e-type=\"widget\" data-widget_type=\"heading.default\">\n\t\t\t\t\t<h3 class=\"elementor-heading-title elementor-size-default\">COLECCI\u00d3N VIVANCO<\/h3>\t\t\t\t<\/div>\n\t\t\t\t<div class=\"elementor-element elementor-element-26456d6 elementor-widget elementor-widget-heading\" data-id=\"26456d6\" data-element_type=\"widget\" data-e-type=\"widget\" data-widget_type=\"heading.default\">\n\t\t\t\t\t<h2 class=\"elementor-heading-title elementor-size-default\"><a href=\"\/cuatro-varietales-dulce-de-invierno\/\">4 VARIETALES DULCE DE INVIERNO<\/a><\/h2>\t\t\t\t<\/div>\n\t\t\t\t<\/div>\n\t\t<div class=\"elementor-element elementor-element-b4b1bef e-con-full e-flex e-con e-child\" data-id=\"b4b1bef\" data-element_type=\"container\" data-e-type=\"container\">\n\t\t\t\t<div class=\"elementor-element elementor-element-1ea61c8 elementor-widget elementor-widget-image\" data-id=\"1ea61c8\" data-element_type=\"widget\" data-e-type=\"widget\" data-widget_type=\"image.default\">\n\t\t\t\t\t\t\t\t\t\t\t\t\t\t\t\t<a href=\"\/4-varietales-blanco-de-guarda\">\n\t\t\t\t\t\t\t<img loading=\"lazy\" decoding=\"async\" width=\"356\" height=\"1024\" src=\"https:\/\/vivancoculturadevino.es\/wp-content\/uploads\/2025\/08\/BRUNES_0010_Vivanco-4-Varietales-Blanco-de-Guarda_No-anada-356x1024.jpg\" class=\"attachment-large size-large wp-image-1411\" alt=\"4 Varietales Blanco de Guarda\" srcset=\"https:\/\/vivancoculturadevino.es\/wp-content\/uploads\/2025\/08\/BRUNES_0010_Vivanco-4-Varietales-Blanco-de-Guarda_No-anada-356x1024.jpg 356w, https:\/\/vivancoculturadevino.es\/wp-content\/uploads\/2025\/08\/BRUNES_0010_Vivanco-4-Varietales-Blanco-de-Guarda_No-anada-104x300.jpg 104w, https:\/\/vivancoculturadevino.es\/wp-content\/uploads\/2025\/08\/BRUNES_0010_Vivanco-4-Varietales-Blanco-de-Guarda_No-anada-768x2210.jpg 768w, https:\/\/vivancoculturadevino.es\/wp-content\/uploads\/2025\/08\/BRUNES_0010_Vivanco-4-Varietales-Blanco-de-Guarda_No-anada-534x1536.jpg 534w, https:\/\/vivancoculturadevino.es\/wp-content\/uploads\/2025\/08\/BRUNES_0010_Vivanco-4-Varietales-Blanco-de-Guarda_No-anada-712x2048.jpg 712w, https:\/\/vivancoculturadevino.es\/wp-content\/uploads\/2025\/08\/BRUNES_0010_Vivanco-4-Varietales-Blanco-de-Guarda_No-anada-scaled.jpg 890w\" sizes=\"(max-width: 356px) 100vw, 356px\" \/>\t\t\t\t\t\t\t\t<\/a>\n\t\t\t\t\t\t\t\t\t\t\t\t\t\t\t<\/div>\n\t\t\t\t<div class=\"elementor-element elementor-element-2e5dd30 elementor-widget elementor-widget-heading\" data-id=\"2e5dd30\" data-element_type=\"widget\" data-e-type=\"widget\" data-widget_type=\"heading.default\">\n\t\t\t\t\t<h3 class=\"elementor-heading-title elementor-size-default\">COLECCI\u00d3N VIVANCO<\/h3>\t\t\t\t<\/div>\n\t\t\t\t<div class=\"elementor-element elementor-element-2c657a3 elementor-widget elementor-widget-heading\" data-id=\"2c657a3\" data-element_type=\"widget\" data-e-type=\"widget\" data-widget_type=\"heading.default\">\n\t\t\t\t\t<h2 class=\"elementor-heading-title elementor-size-default\"><a href=\"\/4-varietales-blanco-de-guarda\">4 VARIETALES BLANCO DE GUARDA<\/a><\/h2>\t\t\t\t<\/div>\n\t\t\t\t<\/div>\n\t\t\t\t<\/div>\n\t\t\t\t<\/div>\n\t\t\t\t<\/div>\n\t\t\t\t<\/div>\n\t\t<div class=\"elementor-element elementor-element-19edd77 e-grid e-con-full e-con e-parent\" data-id=\"19edd77\" data-element_type=\"container\" data-e-type=\"container\">\n\t\t<div class=\"elementor-element elementor-element-9c011ad e-con-full e-flex e-con e-child\" data-id=\"9c011ad\" data-element_type=\"container\" data-e-type=\"container\" data-settings=\"{&quot;background_background&quot;:&quot;classic&quot;}\">\n\t\t\t\t<div class=\"elementor-element elementor-element-96b0280 elementor-widget elementor-widget-menu-anchor\" data-id=\"96b0280\" data-element_type=\"widget\" data-e-type=\"widget\" data-widget_type=\"menu-anchor.default\">\n\t\t\t\t\t\t\t<div class=\"elementor-menu-anchor\" id=\"laisla\"><\/div>\n\t\t\t\t\t\t<\/div>\n\t\t\t\t<\/div>\n\t\t<div class=\"elementor-element elementor-element-0bab411 e-con-full e-flex e-con e-child\" data-id=\"0bab411\" data-element_type=\"container\" data-e-type=\"container\">\n\t\t<div class=\"elementor-element elementor-element-2a3e796 e-con-full animated-slow e-flex elementor-invisible e-con e-child\" data-id=\"2a3e796\" data-element_type=\"container\" data-e-type=\"container\" data-settings=\"{&quot;animation&quot;:&quot;fadeInUp&quot;}\">\n\t\t\t\t<div class=\"elementor-element elementor-element-e174aeb elementor-widget elementor-widget-heading\" data-id=\"e174aeb\" data-element_type=\"widget\" data-e-type=\"widget\" data-widget_type=\"heading.default\">\n\t\t\t\t\t<h2 class=\"elementor-heading-title elementor-size-default\">VIVANCO LA ISLA<\/h2>\t\t\t\t<\/div>\n\t\t\t\t<div class=\"elementor-element elementor-element-dc21702 elementor-widget elementor-widget-heading\" data-id=\"dc21702\" data-element_type=\"widget\" data-e-type=\"widget\" data-widget_type=\"heading.default\">\n\t\t\t\t\t<h3 class=\"elementor-heading-title elementor-size-default\">VINO DE VI\u00d1EDO SINGULAR<\/h3>\t\t\t\t<\/div>\n\t\t\t\t<div class=\"elementor-element elementor-element-b2b08af elementor-widget__width-initial elementor-widget-tablet__width-initial elementor-widget elementor-widget-text-editor\" data-id=\"b2b08af\" data-element_type=\"widget\" data-e-type=\"widget\" data-widget_type=\"text-editor.default\">\n\t\t\t\t\t\t\t\t\t<p class=\"p1\"><strong>Vivanco La Isla Vi\u00f1edo Singular<\/strong>, en su versi\u00f3n blanco y tinto, son los dos nuevos vinos elaborados por\u00a0<strong>Rafael Vivanco<\/strong>\u00a0dentro de esta nueva categor\u00eda de Rioja aprobada en 2017 por el Consejo Regulador, para dar visibilidad a los vinos procedentes de una \u00fanica parcela situada en un paraje de calidad, siendo el equivalente a los vinos de finca o grand cru de otros pa\u00edses. Los vinos proceden de dos parcelas propiedad de la familia Vivanco situadas en el paraje La Isla, un paisaje \u00fanico situado en los l\u00edmites geogr\u00e1ficos de Briones, San Asensio y San Vicente de la Sonsierra, en plena Rioja Alta, y donde se encuentran algunos de los vi\u00f1edos con m\u00e1s edad del entorno de Briones.<\/p>\t\t\t\t\t\t\t\t<\/div>\n\t\t\t\t<\/div>\n\t\t<div class=\"elementor-element elementor-element-7a72e45 e-con-full animated-slow e-flex elementor-invisible e-con e-child\" data-id=\"7a72e45\" data-element_type=\"container\" data-e-type=\"container\" data-settings=\"{&quot;animation&quot;:&quot;fadeInUp&quot;}\">\n\t\t<div class=\"elementor-element elementor-element-b53eb0f e-con-full e-flex e-con e-child\" data-id=\"b53eb0f\" data-element_type=\"container\" data-e-type=\"container\">\n\t\t\t\t<div class=\"elementor-element elementor-element-d1de3e3 elementor-widget elementor-widget-image\" data-id=\"d1de3e3\" data-element_type=\"widget\" data-e-type=\"widget\" data-widget_type=\"image.default\">\n\t\t\t\t\t\t\t\t\t\t\t\t\t\t\t\t<a href=\"\/la-isla-blanco\/\">\n\t\t\t\t\t\t\t<img loading=\"lazy\" decoding=\"async\" width=\"356\" height=\"1024\" src=\"https:\/\/vivancoculturadevino.es\/wp-content\/uploads\/2025\/08\/BRUNES_0013_LA-ISLA_blanco-356x1024.jpg\" class=\"attachment-large size-large wp-image-1423\" alt=\"Vivanco La Isla Vi\u00f1edo Singular Blanco Pie Franco\" srcset=\"https:\/\/vivancoculturadevino.es\/wp-content\/uploads\/2025\/08\/BRUNES_0013_LA-ISLA_blanco-356x1024.jpg 356w, https:\/\/vivancoculturadevino.es\/wp-content\/uploads\/2025\/08\/BRUNES_0013_LA-ISLA_blanco-104x300.jpg 104w, https:\/\/vivancoculturadevino.es\/wp-content\/uploads\/2025\/08\/BRUNES_0013_LA-ISLA_blanco-768x2210.jpg 768w, https:\/\/vivancoculturadevino.es\/wp-content\/uploads\/2025\/08\/BRUNES_0013_LA-ISLA_blanco-534x1536.jpg 534w, https:\/\/vivancoculturadevino.es\/wp-content\/uploads\/2025\/08\/BRUNES_0013_LA-ISLA_blanco-712x2048.jpg 712w, https:\/\/vivancoculturadevino.es\/wp-content\/uploads\/2025\/08\/BRUNES_0013_LA-ISLA_blanco-scaled.jpg 890w\" sizes=\"(max-width: 356px) 100vw, 356px\" \/>\t\t\t\t\t\t\t\t<\/a>\n\t\t\t\t\t\t\t\t\t\t\t\t\t\t\t<\/div>\n\t\t\t\t<div class=\"elementor-element elementor-element-05d36cc elementor-widget elementor-widget-heading\" data-id=\"05d36cc\" data-element_type=\"widget\" data-e-type=\"widget\" data-widget_type=\"heading.default\">\n\t\t\t\t\t<h3 class=\"elementor-heading-title elementor-size-default\">VINO VI\u00d1EDO SINGULAR<\/h3>\t\t\t\t<\/div>\n\t\t\t\t<div class=\"elementor-element elementor-element-de27b61 elementor-widget elementor-widget-heading\" data-id=\"de27b61\" data-element_type=\"widget\" data-e-type=\"widget\" data-widget_type=\"heading.default\">\n\t\t\t\t\t<h2 class=\"elementor-heading-title elementor-size-default\"><a href=\"\/la-isla-blanco\/\">VIVANCO LA ISLA VI\u00d1EDO SINGULAR BLANCO PIE FRANCO<\/a><\/h2>\t\t\t\t<\/div>\n\t\t\t\t<\/div>\n\t\t<div class=\"elementor-element elementor-element-1d6c998 e-con-full e-flex e-con e-child\" data-id=\"1d6c998\" data-element_type=\"container\" data-e-type=\"container\">\n\t\t\t\t<div class=\"elementor-element elementor-element-086cf39 elementor-widget elementor-widget-image\" data-id=\"086cf39\" data-element_type=\"widget\" data-e-type=\"widget\" data-widget_type=\"image.default\">\n\t\t\t\t\t\t\t\t\t\t\t\t\t\t\t\t<a href=\"\/la-isla-tinto\/\">\n\t\t\t\t\t\t\t<img loading=\"lazy\" decoding=\"async\" width=\"356\" height=\"1024\" src=\"https:\/\/vivancoculturadevino.es\/wp-content\/uploads\/2025\/08\/BRUNES_0012_LA-ISLA_tinto-356x1024.jpg\" class=\"attachment-large size-large wp-image-1422\" alt=\"Vivanco La Isla Vi\u00f1edo Singular\" srcset=\"https:\/\/vivancoculturadevino.es\/wp-content\/uploads\/2025\/08\/BRUNES_0012_LA-ISLA_tinto-356x1024.jpg 356w, https:\/\/vivancoculturadevino.es\/wp-content\/uploads\/2025\/08\/BRUNES_0012_LA-ISLA_tinto-104x300.jpg 104w, https:\/\/vivancoculturadevino.es\/wp-content\/uploads\/2025\/08\/BRUNES_0012_LA-ISLA_tinto-768x2210.jpg 768w, https:\/\/vivancoculturadevino.es\/wp-content\/uploads\/2025\/08\/BRUNES_0012_LA-ISLA_tinto-534x1536.jpg 534w, https:\/\/vivancoculturadevino.es\/wp-content\/uploads\/2025\/08\/BRUNES_0012_LA-ISLA_tinto-712x2048.jpg 712w, https:\/\/vivancoculturadevino.es\/wp-content\/uploads\/2025\/08\/BRUNES_0012_LA-ISLA_tinto-scaled.jpg 890w\" sizes=\"(max-width: 356px) 100vw, 356px\" \/>\t\t\t\t\t\t\t\t<\/a>\n\t\t\t\t\t\t\t\t\t\t\t\t\t\t\t<\/div>\n\t\t\t\t<div class=\"elementor-element elementor-element-d7c70b8 elementor-widget elementor-widget-heading\" data-id=\"d7c70b8\" data-element_type=\"widget\" data-e-type=\"widget\" data-widget_type=\"heading.default\">\n\t\t\t\t\t<h3 class=\"elementor-heading-title elementor-size-default\">VINO VI\u00d1EDO SINGULAR<\/h3>\t\t\t\t<\/div>\n\t\t\t\t<div class=\"elementor-element elementor-element-b9fa1cc elementor-widget elementor-widget-heading\" data-id=\"b9fa1cc\" data-element_type=\"widget\" data-e-type=\"widget\" data-widget_type=\"heading.default\">\n\t\t\t\t\t<h2 class=\"elementor-heading-title elementor-size-default\"><a href=\"\/la-isla-tinto\/\">VIVANCO LA ISLA VI\u00d1EDO SINGULAR<\/a><\/h2>\t\t\t\t<\/div>\n\t\t\t\t<\/div>\n\t\t\t\t<\/div>\n\t\t\t\t<\/div>\n\t\t\t\t<\/div>\n\t\t<div class=\"elementor-element elementor-element-2d536ad e-grid e-con-full e-con e-parent\" data-id=\"2d536ad\" data-element_type=\"container\" data-e-type=\"container\">\n\t\t<div class=\"elementor-element elementor-element-f8911d8 e-con-full e-flex e-con e-child\" data-id=\"f8911d8\" data-element_type=\"container\" data-e-type=\"container\">\n\t\t<div class=\"elementor-element elementor-element-8bdf20d e-con-full animated-slow e-flex elementor-invisible e-con e-child\" data-id=\"8bdf20d\" data-element_type=\"container\" data-e-type=\"container\" data-settings=\"{&quot;animation&quot;:&quot;fadeInUp&quot;}\">\n\t\t\t\t<div class=\"elementor-element elementor-element-a31f806 elementor-widget elementor-widget-heading\" data-id=\"a31f806\" data-element_type=\"widget\" data-e-type=\"widget\" data-widget_type=\"heading.default\">\n\t\t\t\t\t<h2 class=\"elementor-heading-title elementor-size-default\">CLUB VIVANCO BARRICA<\/h2>\t\t\t\t<\/div>\n\t\t\t\t<div class=\"elementor-element elementor-element-bfe2011 elementor-widget__width-initial elementor-widget-tablet__width-initial elementor-widget elementor-widget-text-editor\" data-id=\"bfe2011\" data-element_type=\"widget\" data-e-type=\"widget\" data-widget_type=\"text-editor.default\">\n\t\t\t\t\t\t\t\t\t<p class=\"p1\"><span class=\"s1\">Un Reserva exclusivo y elegante, solo disponible para miembros del Club Vivanco Barrica. Viv\u00ed la experiencia de tener tu propia barrica en la bodega y seguir de cerca la creaci\u00f3n de un Rioja \u00fanico.<\/span><\/p>\t\t\t\t\t\t\t\t<\/div>\n\t\t\t\t<\/div>\n\t\t<div class=\"elementor-element elementor-element-c9ada5c e-con-full animated-slow e-flex elementor-invisible e-con e-child\" data-id=\"c9ada5c\" data-element_type=\"container\" data-e-type=\"container\" data-settings=\"{&quot;animation&quot;:&quot;fadeInUp&quot;}\">\n\t\t<div class=\"elementor-element elementor-element-3bf7f09 e-con-full e-flex e-con e-child\" data-id=\"3bf7f09\" data-element_type=\"container\" data-e-type=\"container\">\n\t\t\t\t<div class=\"elementor-element elementor-element-d1b34c4 elementor-widget elementor-widget-image\" data-id=\"d1b34c4\" data-element_type=\"widget\" data-e-type=\"widget\" data-widget_type=\"image.default\">\n\t\t\t\t\t\t\t\t\t\t\t\t\t\t\t\t<a href=\"\/club-vivanco-barrica\/\">\n\t\t\t\t\t\t\t<img loading=\"lazy\" decoding=\"async\" width=\"356\" height=\"1024\" src=\"https:\/\/vivancoculturadevino.es\/wp-content\/uploads\/2025\/08\/BRUNES_0015_Club-Vivanco-Barrica-Reserva-Foto-356x1024.jpg\" class=\"attachment-large size-large wp-image-1433\" alt=\"Club Vivanco Barrica\" srcset=\"https:\/\/vivancoculturadevino.es\/wp-content\/uploads\/2025\/08\/BRUNES_0015_Club-Vivanco-Barrica-Reserva-Foto-356x1024.jpg 356w, https:\/\/vivancoculturadevino.es\/wp-content\/uploads\/2025\/08\/BRUNES_0015_Club-Vivanco-Barrica-Reserva-Foto-104x300.jpg 104w, https:\/\/vivancoculturadevino.es\/wp-content\/uploads\/2025\/08\/BRUNES_0015_Club-Vivanco-Barrica-Reserva-Foto-768x2210.jpg 768w, https:\/\/vivancoculturadevino.es\/wp-content\/uploads\/2025\/08\/BRUNES_0015_Club-Vivanco-Barrica-Reserva-Foto-534x1536.jpg 534w, https:\/\/vivancoculturadevino.es\/wp-content\/uploads\/2025\/08\/BRUNES_0015_Club-Vivanco-Barrica-Reserva-Foto-712x2048.jpg 712w, https:\/\/vivancoculturadevino.es\/wp-content\/uploads\/2025\/08\/BRUNES_0015_Club-Vivanco-Barrica-Reserva-Foto-scaled.jpg 890w\" sizes=\"(max-width: 356px) 100vw, 356px\" \/>\t\t\t\t\t\t\t\t<\/a>\n\t\t\t\t\t\t\t\t\t\t\t\t\t\t\t<\/div>\n\t\t\t\t<div class=\"elementor-element elementor-element-2d741d8 elementor-widget elementor-widget-heading\" data-id=\"2d741d8\" data-element_type=\"widget\" data-e-type=\"widget\" data-widget_type=\"heading.default\">\n\t\t\t\t\t<h3 class=\"elementor-heading-title elementor-size-default\">CLUB VIVANCO<\/h3>\t\t\t\t<\/div>\n\t\t\t\t<div class=\"elementor-element elementor-element-e74a303 elementor-widget elementor-widget-heading\" data-id=\"e74a303\" data-element_type=\"widget\" data-e-type=\"widget\" data-widget_type=\"heading.default\">\n\t\t\t\t\t<h2 class=\"elementor-heading-title elementor-size-default\"><a href=\"\/club-vivanco-barrica\/\">CLUB VIVANCO BARRICA<\/a><\/h2>\t\t\t\t<\/div>\n\t\t\t\t<\/div>\n\t\t\t\t<\/div>\n\t\t\t\t<\/div>\n\t\t<div class=\"elementor-element elementor-element-10e08c5 e-con-full e-flex e-con e-child\" data-id=\"10e08c5\" data-element_type=\"container\" data-e-type=\"container\" data-settings=\"{&quot;background_background&quot;:&quot;classic&quot;}\">\n\t\t\t\t<div class=\"elementor-element elementor-element-1a7455e elementor-widget elementor-widget-menu-anchor\" data-id=\"1a7455e\" data-element_type=\"widget\" data-e-type=\"widget\" data-widget_type=\"menu-anchor.default\">\n\t\t\t\t\t\t\t<div class=\"elementor-menu-anchor\" id=\"barrica\"><\/div>\n\t\t\t\t\t\t<\/div>\n\t\t\t\t<\/div>\n\t\t\t\t<\/div>\n\t\t\t\t<\/div>\n\t\t","protected":false},"excerpt":{"rendered":"<p>LOS VINOS ESPUMOSOS Blanc de blancs\u00a0de nuestra finca, pionero en Rioja y singular, por la viva y elegante expresi\u00f3n de variedades aut\u00f3ctonas tras una larga maduraci\u00f3n en botella. Primer espumoso Rosado Reserva de Rioja, pionero por su elaboraci\u00f3n con las variedades tintas aut\u00f3ctonas riojanas garnacha y mazuelo. ESPUMOSO DOCa. RIOJA VIVANCO CUV\u00c9E IN\u00c9DITA RESERVA EXTRA [&hellip;]<\/p>\n","protected":false},"author":1,"featured_media":0,"parent":39,"menu_order":0,"comment_status":"closed","ping_status":"closed","template":"","meta":{"footnotes":""},"class_list":["post-569","page","type-page","status-publish","hentry"],"_links":{"self":[{"href":"https:\/\/vivancoculturadevino.es\/es\/wp-json\/wp\/v2\/pages\/569","targetHints":{"allow":["GET"]}}],"collection":[{"href":"https:\/\/vivancoculturadevino.es\/es\/wp-json\/wp\/v2\/pages"}],"about":[{"href":"https:\/\/vivancoculturadevino.es\/es\/wp-json\/wp\/v2\/types\/page"}],"author":[{"embeddable":true,"href":"https:\/\/vivancoculturadevino.es\/es\/wp-json\/wp\/v2\/users\/1"}],"replies":[{"embeddable":true,"href":"https:\/\/vivancoculturadevino.es\/es\/wp-json\/wp\/v2\/comments?post=569"}],"version-history":[{"count":223,"href":"https:\/\/vivancoculturadevino.es\/es\/wp-json\/wp\/v2\/pages\/569\/revisions"}],"predecessor-version":[{"id":4974,"href":"https:\/\/vivancoculturadevino.es\/es\/wp-json\/wp\/v2\/pages\/569\/revisions\/4974"}],"up":[{"embeddable":true,"href":"https:\/\/vivancoculturadevino.es\/es\/wp-json\/wp\/v2\/pages\/39"}],"wp:attachment":[{"href":"https:\/\/vivancoculturadevino.es\/es\/wp-json\/wp\/v2\/media?parent=569"}],"curies":[{"name":"wp","href":"https:\/\/api.w.org\/{rel}","templated":true}]}}