{"id":2159,"date":"2025-10-13T09:50:47","date_gmt":"2025-10-13T09:50:47","guid":{"rendered":"https:\/\/demo01.vivancoculturadevino.es\/?page_id=2159"},"modified":"2026-03-09T08:30:45","modified_gmt":"2026-03-09T08:30:45","slug":"viura-tempranillo-white-maturana-white","status":"publish","type":"page","link":"https:\/\/vivancoculturadevino.es\/en\/winery\/the-wines\/viura-tempranillo-white-maturana-white\/","title":{"rendered":"L\u00edas Finas Viura-Tempranillo Blanco-Maturana Blanca"},"content":{"rendered":"<div data-elementor-type=\"wp-page\" data-elementor-id=\"2159\" class=\"elementor elementor-2159\" data-elementor-post-type=\"page\">\n\t\t\t\t<div class=\"elementor-element elementor-element-b419001 e-flex e-con-boxed e-con e-parent\" data-id=\"b419001\" data-element_type=\"container\" data-e-type=\"container\">\n\t\t\t\t\t<div class=\"e-con-inner\">\n\t\t\t\t<div class=\"elementor-element elementor-element-72f8a33 elementor-widget elementor-widget-spacer\" data-id=\"72f8a33\" data-element_type=\"widget\" data-e-type=\"widget\" data-widget_type=\"spacer.default\">\n\t\t\t\t\t\t\t<div class=\"elementor-spacer\">\n\t\t\t<div class=\"elementor-spacer-inner\"><\/div>\n\t\t<\/div>\n\t\t\t\t\t\t<\/div>\n\t\t\t\t<div class=\"elementor-element elementor-element-648f237 elementor-widget__width-initial elementor-invisible elementor-widget elementor-widget-heading\" data-id=\"648f237\" data-element_type=\"widget\" data-e-type=\"widget\" data-settings=\"{&quot;_animation&quot;:&quot;fadeInUp&quot;}\" data-widget_type=\"heading.default\">\n\t\t\t\t\t<h2 class=\"elementor-heading-title elementor-size-default\">VIVANCO L\u00cdAS FINAS VIURA-TEMPRANILLO BLANCO-MATURANA BLANCA<\/h2>\t\t\t\t<\/div>\n\t\t\t\t<div class=\"elementor-element elementor-element-b9fa567 elementor-widget__width-initial elementor-widget elementor-widget-button\" data-id=\"b9fa567\" data-element_type=\"widget\" data-e-type=\"widget\" data-widget_type=\"button.default\">\n\t\t\t\t\t\t\t\t\t\t<a class=\"elementor-button elementor-button-link elementor-size-sm\" href=\"https:\/\/tienda.vivancoculturadevino.es\/11-vivanco-lias-finas-viura-tempranillo-blanco-maturana-blanca\" target=\"_blank\">\n\t\t\t\t\t\t<span class=\"elementor-button-content-wrapper\">\n\t\t\t\t\t\t\t\t\t<span class=\"elementor-button-text\">BUY<\/span>\n\t\t\t\t\t<\/span>\n\t\t\t\t\t<\/a>\n\t\t\t\t\t\t\t\t<\/div>\n\t\t\t\t\t<\/div>\n\t\t\t\t<\/div>\n\t\t<div class=\"elementor-element elementor-element-cff89c9 e-flex e-con-boxed e-con e-parent\" data-id=\"cff89c9\" data-element_type=\"container\" data-e-type=\"container\">\n\t\t\t\t\t<div class=\"e-con-inner\">\n\t\t<div class=\"elementor-element elementor-element-a456f3a e-con-full e-flex e-con e-child\" data-id=\"a456f3a\" data-element_type=\"container\" data-e-type=\"container\">\n\t\t\t\t<div class=\"elementor-element elementor-element-1dbeb4e elementor-widget elementor-widget-image\" data-id=\"1dbeb4e\" data-element_type=\"widget\" data-e-type=\"widget\" data-widget_type=\"image.default\">\n\t\t\t\t\t\t\t\t\t\t\t\t\t\t\t<img fetchpriority=\"high\" decoding=\"async\" width=\"380\" height=\"1024\" src=\"https:\/\/vivancoculturadevino.es\/wp-content\/uploads\/2026\/03\/vivancoblanco25-scaled-e1773044978375-380x1024.png\" class=\"attachment-large size-large wp-image-4768\" alt=\"\" srcset=\"https:\/\/vivancoculturadevino.es\/wp-content\/uploads\/2026\/03\/vivancoblanco25-scaled-e1773044978375-380x1024.png 380w, https:\/\/vivancoculturadevino.es\/wp-content\/uploads\/2026\/03\/vivancoblanco25-scaled-e1773044978375-111x300.png 111w, https:\/\/vivancoculturadevino.es\/wp-content\/uploads\/2026\/03\/vivancoblanco25-scaled-e1773044978375-768x2069.png 768w, https:\/\/vivancoculturadevino.es\/wp-content\/uploads\/2026\/03\/vivancoblanco25-scaled-e1773044978375-570x1536.png 570w, https:\/\/vivancoculturadevino.es\/wp-content\/uploads\/2026\/03\/vivancoblanco25-scaled-e1773044978375-760x2048.png 760w, https:\/\/vivancoculturadevino.es\/wp-content\/uploads\/2026\/03\/vivancoblanco25-scaled-e1773044978375-4x12.png 4w, https:\/\/vivancoculturadevino.es\/wp-content\/uploads\/2026\/03\/vivancoblanco25-scaled-e1773044978375.png 930w\" sizes=\"(max-width: 380px) 100vw, 380px\" \/>\t\t\t\t\t\t\t\t\t\t\t\t\t\t\t<\/div>\n\t\t\t\t<\/div>\n\t\t<div class=\"elementor-element elementor-element-fea1cb2 e-con-full animated-slow e-flex elementor-invisible e-con e-child\" data-id=\"fea1cb2\" data-element_type=\"container\" data-e-type=\"container\" data-settings=\"{&quot;animation&quot;:&quot;fadeInUp&quot;}\">\n\t\t\t\t<div class=\"elementor-element elementor-element-6a4c24a elementor-widget elementor-widget-heading\" data-id=\"6a4c24a\" data-element_type=\"widget\" data-e-type=\"widget\" data-widget_type=\"heading.default\">\n\t\t\t\t\t<h2 class=\"elementor-heading-title elementor-size-default\">Singular and Expressive\n<\/h2>\t\t\t\t<\/div>\n\t\t\t\t<div class=\"elementor-element elementor-element-bcf6e6b elementor-widget elementor-widget-spacer\" data-id=\"bcf6e6b\" data-element_type=\"widget\" data-e-type=\"widget\" data-widget_type=\"spacer.default\">\n\t\t\t\t\t\t\t<div class=\"elementor-spacer\">\n\t\t\t<div class=\"elementor-spacer-inner\"><\/div>\n\t\t<\/div>\n\t\t\t\t\t\t<\/div>\n\t\t\t\t<div class=\"elementor-element elementor-element-140dcd8 elementor-widget elementor-widget-heading\" data-id=\"140dcd8\" data-element_type=\"widget\" data-e-type=\"widget\" data-widget_type=\"heading.default\">\n\t\t\t\t\t<h2 class=\"elementor-heading-title elementor-size-default\">2025 VINTAGE<\/h2>\t\t\t\t<\/div>\n\t\t\t\t<div class=\"elementor-element elementor-element-4f5a9d8 elementor-widget elementor-widget-text-editor\" data-id=\"4f5a9d8\" data-element_type=\"widget\" data-e-type=\"widget\" data-widget_type=\"text-editor.default\">\n\t\t\t\t\t\t\t\t\t<p>Vivanco L\u00edas Finas Viura-Tempranillo blanco-Maturana blanca is the first wine in Rioja and in the world to be made with this unique coupage. Starting with the traditional Viura variety as the main component of the wine (a 50%), for the first time, two minority grapes exclusive to Rioja, Tempranillo white and Maturana white, are incorporated. The three varieties come from the Vivanco family's own vineyards in different terroirs of Rioja.<\/p>\t\t\t\t\t\t\t\t<\/div>\n\t\t\t\t<div class=\"elementor-element elementor-element-28d8632 elementor-widget elementor-widget-heading\" data-id=\"28d8632\" data-element_type=\"widget\" data-e-type=\"widget\" data-widget_type=\"heading.default\">\n\t\t\t\t\t<h2 class=\"elementor-heading-title elementor-size-default\">HARVEST<\/h2>\t\t\t\t<\/div>\n\t\t\t\t<div class=\"elementor-element elementor-element-1fc61f7 elementor-widget elementor-widget-text-editor\" data-id=\"1fc61f7\" data-element_type=\"widget\" data-e-type=\"widget\" data-widget_type=\"text-editor.default\">\n\t\t\t\t\t\t\t\t\t<p>Each variety is harvested by hand in small boxes and separately. All the grapes are kept in cold storage for 36 hours before being processed on the sorting table. In the second week of September, the white Tempranillo and at the end of the same month, the rest of the varieties.<\/p>\t\t\t\t\t\t\t\t<\/div>\n\t\t\t\t<div class=\"elementor-element elementor-element-527ee97 elementor-widget elementor-widget-heading\" data-id=\"527ee97\" data-element_type=\"widget\" data-e-type=\"widget\" data-widget_type=\"heading.default\">\n\t\t\t\t\t<h2 class=\"elementor-heading-title elementor-size-default\">WINEMAKING<\/h2>\t\t\t\t<\/div>\n\t\t\t\t<div class=\"elementor-element elementor-element-399bcfc elementor-widget elementor-widget-text-editor\" data-id=\"399bcfc\" data-element_type=\"widget\" data-e-type=\"widget\" data-widget_type=\"text-editor.default\">\n\t\t\t\t\t\t\t\t\t<p>Each variety is made separately. After a brief cold maceration (between 6-10 hours), the tear must is fermented in small stainless steel tanks at a controlled temperature (12-15 \u00baC) to preserve all the varietal expression. The wines obtained remain in contact with their lees in tanks for 4 months to preserve the varietal aromas and give them greater harmony and smoothness on the palate.\u00a0<\/p>\t\t\t\t\t\t\t\t<\/div>\n\t\t<div class=\"elementor-element elementor-element-94f32b6 e-con-full e-flex e-con e-child\" data-id=\"94f32b6\" data-element_type=\"container\" data-e-type=\"container\">\n\t\t\t\t<div class=\"elementor-element elementor-element-ec5be27 elementor-widget elementor-widget-button\" data-id=\"ec5be27\" data-element_type=\"widget\" data-e-type=\"widget\" data-widget_type=\"button.default\">\n\t\t\t\t\t\t\t\t\t\t<a class=\"elementor-button elementor-button-link elementor-size-sm\" href=\"\/en\/winery\/awards\/#jovenblanco\" target=\"_blank\">\n\t\t\t\t\t\t<span class=\"elementor-button-content-wrapper\">\n\t\t\t\t\t\t\t\t\t<span class=\"elementor-button-text\">AWARDS<\/span>\n\t\t\t\t\t<\/span>\n\t\t\t\t\t<\/a>\n\t\t\t\t\t\t\t\t<\/div>\n\t\t\t\t<div class=\"elementor-element elementor-element-f66fff1 elementor-widget elementor-widget-button\" data-id=\"f66fff1\" data-element_type=\"widget\" data-e-type=\"widget\" data-widget_type=\"button.default\">\n\t\t\t\t\t\t\t\t\t\t<a class=\"elementor-button elementor-button-link elementor-size-sm\" href=\"https:\/\/vivancoculturadevino.es\/wp-content\/uploads\/2026\/03\/MV_20250312_01-Ficha-de-Cata-Vivanco-Blanco-Lias-Finas_2025_ENG.pdf\">\n\t\t\t\t\t\t<span class=\"elementor-button-content-wrapper\">\n\t\t\t\t\t\t\t\t\t<span class=\"elementor-button-text\">TASTING SHEET<\/span>\n\t\t\t\t\t<\/span>\n\t\t\t\t\t<\/a>\n\t\t\t\t\t\t\t\t<\/div>\n\t\t\t\t<\/div>\n\t\t\t\t<\/div>\n\t\t\t\t\t<\/div>\n\t\t\t\t<\/div>\n\t\t<div class=\"elementor-element elementor-element-cc525b6 animated-slow e-flex e-con-boxed elementor-invisible e-con e-parent\" data-id=\"cc525b6\" data-element_type=\"container\" data-e-type=\"container\" data-settings=\"{&quot;animation&quot;:&quot;fadeInUp&quot;}\">\n\t\t\t\t\t<div class=\"e-con-inner\">\n\t\t<div class=\"elementor-element elementor-element-0b796f8 e-con-full e-flex e-con e-child\" data-id=\"0b796f8\" data-element_type=\"container\" data-e-type=\"container\">\n\t\t\t\t<div class=\"elementor-element elementor-element-0216fc6 elementor-widget elementor-widget-heading\" data-id=\"0216fc6\" data-element_type=\"widget\" data-e-type=\"widget\" data-widget_type=\"heading.default\">\n\t\t\t\t\t<h2 class=\"elementor-heading-title elementor-size-default\">VARIETIES<\/h2>\t\t\t\t<\/div>\n\t\t\t\t<div class=\"elementor-element elementor-element-5ee3c11 elementor-widget elementor-widget-text-editor\" data-id=\"5ee3c11\" data-element_type=\"widget\" data-e-type=\"widget\" data-widget_type=\"text-editor.default\">\n\t\t\t\t\t\t\t\t\t<p><strong>50% VIURA<\/strong>Viura: The main white variety grown in Rioja, it offers fruity wines, with a floral aroma and a notable degree of acidity, ideal for making both young whites and crianza wines. Our Viura vineyards are located in Briones, Rioja Alta.\u00a0<\/p><p><strong>35% TEMPRANILLO BLANCO<\/strong>This variety comes from a natural genetic mutation from a single shoot of a Tempranillo Tinto vine located in 1988 in an old vineyard in Murillo del R\u00edo Leza (La Rioja). Its aroma is fruity, intense banana, citrus and tropical fruits, and also floral. It does not exist anywhere else in the world.<\/p><p><strong>15% MATURANA BLANCA:\u00a0<\/strong>It is the oldest variety of which there is written knowledge in Rioja, as it is mentioned as early as 1622. Maturana Blanca wines are greenish-yellow in colour; fruity aromas of apple, banana and citrus fruits, as well as herbaceous notes.<\/p>\t\t\t\t\t\t\t\t<\/div>\n\t\t\t\t<\/div>\n\t\t<div class=\"elementor-element elementor-element-d8fa360 e-con-full e-flex e-con e-child\" data-id=\"d8fa360\" data-element_type=\"container\" data-e-type=\"container\">\n\t\t\t\t<div class=\"elementor-element elementor-element-cd45247 elementor-widget elementor-widget-heading\" data-id=\"cd45247\" data-element_type=\"widget\" data-e-type=\"widget\" data-widget_type=\"heading.default\">\n\t\t\t\t\t<h2 class=\"elementor-heading-title elementor-size-default\">VINEYARDS<\/h2>\t\t\t\t<\/div>\n\t\t\t\t<div class=\"elementor-element elementor-element-43bbaf5 elementor-widget elementor-widget-text-editor\" data-id=\"43bbaf5\" data-element_type=\"widget\" data-e-type=\"widget\" data-widget_type=\"text-editor.default\">\n\t\t\t\t\t\t\t\t\t<p>Own in Briones, Rioja Alta (Viura) with a marked Atlantic influence, and in Tudelilla, Rioja Oriental, in a vineyard at an altitude of 700 metres in the Sierra Carbonera (white Tempranillo and white Maturana).<\/p>\t\t\t\t\t\t\t\t<\/div>\n\t\t\t\t<div class=\"elementor-element elementor-element-a7148b5 elementor-widget elementor-widget-heading\" data-id=\"a7148b5\" data-element_type=\"widget\" data-e-type=\"widget\" data-widget_type=\"heading.default\">\n\t\t\t\t\t<h2 class=\"elementor-heading-title elementor-size-default\">THE BOTTLE<\/h2>\t\t\t\t<\/div>\n\t\t\t\t<div class=\"elementor-element elementor-element-01e27fc elementor-widget elementor-widget-text-editor\" data-id=\"01e27fc\" data-element_type=\"widget\" data-e-type=\"widget\" data-widget_type=\"text-editor.default\">\n\t\t\t\t\t\t\t\t\t<p>Our bottle is inspired by an original 18th century bottle that can be visited at the Vivanco Museum of Wine Culture.<\/p>\t\t\t\t\t\t\t\t<\/div>\n\t\t\t\t<div class=\"elementor-element elementor-element-3f4579e elementor-widget elementor-widget-heading\" data-id=\"3f4579e\" data-element_type=\"widget\" data-e-type=\"widget\" data-widget_type=\"heading.default\">\n\t\t\t\t\t<h2 class=\"elementor-heading-title elementor-size-default\">THE LABEL<\/h2>\t\t\t\t<\/div>\n\t\t\t\t<div class=\"elementor-element elementor-element-152d4db elementor-widget elementor-widget-text-editor\" data-id=\"152d4db\" data-element_type=\"widget\" data-e-type=\"widget\" data-widget_type=\"text-editor.default\">\n\t\t\t\t\t\t\t\t\t<p>The work Milhojas, by Maite Meno Fari\u00f1as, illustrates the label of this vintage of our Vivanco white wine. This piece, which expresses the complexity and personality of our wine, has been selected among the participants of the 10th edition of the Pedro Vivanco International Print and Wine Award.<\/p>\t\t\t\t\t\t\t\t<\/div>\n\t\t\t\t<\/div>\n\t\t\t\t\t<\/div>\n\t\t\t\t<\/div>\n\t\t<div class=\"elementor-element elementor-element-78b244c e-flex e-con-boxed e-con e-parent\" data-id=\"78b244c\" data-element_type=\"container\" data-e-type=\"container\">\n\t\t\t\t\t<div class=\"e-con-inner\">\n\t\t\t\t<div class=\"elementor-element elementor-element-778689e elementor-align-center elementor-widget__width-initial elementor-widget elementor-widget-button\" data-id=\"778689e\" data-element_type=\"widget\" data-e-type=\"widget\" data-widget_type=\"button.default\">\n\t\t\t\t\t\t\t\t\t\t<a class=\"elementor-button elementor-button-link elementor-size-sm\" href=\"https:\/\/tienda.vivancoculturadevino.es\/11-vivanco-lias-finas-viura-tempranillo-blanco-maturana-blanca\" target=\"_blank\">\n\t\t\t\t\t\t<span class=\"elementor-button-content-wrapper\">\n\t\t\t\t\t\t\t\t\t<span class=\"elementor-button-text\">BUY<\/span>\n\t\t\t\t\t<\/span>\n\t\t\t\t\t<\/a>\n\t\t\t\t\t\t\t\t<\/div>\n\t\t\t\t\t<\/div>\n\t\t\t\t<\/div>\n\t\t<div class=\"elementor-element elementor-element-b4f19ad e-grid e-con-boxed e-con e-parent\" data-id=\"b4f19ad\" data-element_type=\"container\" data-e-type=\"container\">\n\t\t\t\t\t<div class=\"e-con-inner\">\n\t\t\t\t<div class=\"elementor-element elementor-element-9dd3c99 elementor-widget elementor-widget-spacer\" data-id=\"9dd3c99\" data-element_type=\"widget\" data-e-type=\"widget\" data-widget_type=\"spacer.default\">\n\t\t\t\t\t\t\t<div class=\"elementor-spacer\">\n\t\t\t<div class=\"elementor-spacer-inner\"><\/div>\n\t\t<\/div>\n\t\t\t\t\t\t<\/div>\n\t\t\t\t\t<\/div>\n\t\t\t\t<\/div>\n\t\t<div class=\"elementor-element elementor-element-3bd115c e-flex e-con-boxed e-con e-parent\" data-id=\"3bd115c\" data-element_type=\"container\" data-e-type=\"container\" data-settings=\"{&quot;background_background&quot;:&quot;classic&quot;}\">\n\t\t\t\t\t<div class=\"e-con-inner\">\n\t\t\t\t\t<\/div>\n\t\t\t\t<\/div>\n\t\t<div class=\"elementor-element elementor-element-b73c39a e-flex e-con-boxed e-con e-parent\" data-id=\"b73c39a\" data-element_type=\"container\" data-e-type=\"container\">\n\t\t\t\t\t<div class=\"e-con-inner\">\n\t\t\t\t<div class=\"elementor-element elementor-element-3548ba4 elementor-widget elementor-widget-spacer\" data-id=\"3548ba4\" data-element_type=\"widget\" data-e-type=\"widget\" data-widget_type=\"spacer.default\">\n\t\t\t\t\t\t\t<div class=\"elementor-spacer\">\n\t\t\t<div class=\"elementor-spacer-inner\"><\/div>\n\t\t<\/div>\n\t\t\t\t\t\t<\/div>\n\t\t\t\t\t<\/div>\n\t\t\t\t<\/div>\n\t\t<div class=\"elementor-element elementor-element-8147642 animated-slow e-flex e-con-boxed elementor-invisible e-con e-parent\" data-id=\"8147642\" data-element_type=\"container\" data-e-type=\"container\" data-settings=\"{&quot;animation&quot;:&quot;fadeInUp&quot;}\">\n\t\t\t\t\t<div class=\"e-con-inner\">\n\t\t<div class=\"elementor-element elementor-element-248c9b6 e-con-full e-flex e-con e-child\" data-id=\"248c9b6\" data-element_type=\"container\" data-e-type=\"container\">\n\t\t\t\t<div class=\"elementor-element elementor-element-5e4831f elementor-widget elementor-widget-heading\" data-id=\"5e4831f\" data-element_type=\"widget\" data-e-type=\"widget\" data-widget_type=\"heading.default\">\n\t\t\t\t\t<h2 class=\"elementor-heading-title elementor-size-default\">TASTING NOTE<\/h2>\t\t\t\t<\/div>\n\t\t\t\t<div class=\"elementor-element elementor-element-e5ab8b3 elementor-widget elementor-widget-text-editor\" data-id=\"e5ab8b3\" data-element_type=\"widget\" data-e-type=\"widget\" data-widget_type=\"text-editor.default\">\n\t\t\t\t\t\t\t\t\t<p>Pale yellow colour with greenish reflections, clean and bright. Expressive, intense and complex on the nose, with aromas of citrus fruits, green apple, white peach, accompanied by elegant floral touches. In the mouth it is very fresh and tasty, inviting to drink and enjoy.<\/p>\t\t\t\t\t\t\t\t<\/div>\n\t\t\t\t<\/div>\n\t\t<div class=\"elementor-element elementor-element-e08f56b e-con-full e-flex e-con e-child\" data-id=\"e08f56b\" data-element_type=\"container\" data-e-type=\"container\">\n\t\t\t\t<div class=\"elementor-element elementor-element-9592057 elementor-widget elementor-widget-heading\" data-id=\"9592057\" data-element_type=\"widget\" data-e-type=\"widget\" data-widget_type=\"heading.default\">\n\t\t\t\t\t<h2 class=\"elementor-heading-title elementor-size-default\">SERVICE AND PAIRING<\/h2>\t\t\t\t<\/div>\n\t\t\t\t<div class=\"elementor-element elementor-element-ffc5750 elementor-widget elementor-widget-text-editor\" data-id=\"ffc5750\" data-element_type=\"widget\" data-e-type=\"widget\" data-widget_type=\"text-editor.default\">\n\t\t\t\t\t\t\t\t\t<p>Serve at a temperature of between 6 and 10 \u00b0C. Ideal for drinking by the glass as an aperitif or with all kinds of tapas. It is a good choice to enjoy with light rice dishes, all kinds of salads, white meats, cold creams, as well as fish and seafood.<\/p>\t\t\t\t\t\t\t\t<\/div>\n\t\t\t\t<\/div>\n\t\t\t\t\t<\/div>\n\t\t\t\t<\/div>\n\t\t<div class=\"elementor-element elementor-element-64f7881 e-flex e-con-boxed e-con e-parent\" data-id=\"64f7881\" data-element_type=\"container\" data-e-type=\"container\">\n\t\t\t\t\t<div class=\"e-con-inner\">\n\t\t\t\t<div class=\"elementor-element elementor-element-a42af37 elementor-align-center elementor-widget__width-initial elementor-widget elementor-widget-button\" data-id=\"a42af37\" data-element_type=\"widget\" data-e-type=\"widget\" data-widget_type=\"button.default\">\n\t\t\t\t\t\t\t\t\t\t<a class=\"elementor-button elementor-button-link elementor-size-sm\" href=\"https:\/\/tienda.vivancoculturadevino.es\/11-vivanco-lias-finas-viura-tempranillo-blanco-maturana-blanca\" target=\"_blank\">\n\t\t\t\t\t\t<span class=\"elementor-button-content-wrapper\">\n\t\t\t\t\t\t\t\t\t<span class=\"elementor-button-text\">BUY<\/span>\n\t\t\t\t\t<\/span>\n\t\t\t\t\t<\/a>\n\t\t\t\t\t\t\t\t<\/div>\n\t\t\t\t\t<\/div>\n\t\t\t\t<\/div>\n\t\t\t\t<\/div>","protected":false},"excerpt":{"rendered":"<p>VIVANCO L\u00cdAS FINAS VIURA-TEMPRANILLO BLANCO-MATURANA BLANCA COMPRAR Singular y Expresivo A\u00f1ada 2025 Vivanco L\u00edas Finas Viura-Tempranillo blanco-Maturana blanca, se convierte en el primer vino de Rioja y del Mundo elaborado con este coupage tan singular. Partiendo de la variedad tradicional Viura como componente principal del vino (un 50%), se incorporan, por primera vez, dos uvas [&hellip;]<\/p>","protected":false},"author":1,"featured_media":0,"parent":569,"menu_order":0,"comment_status":"closed","ping_status":"closed","template":"","meta":{"footnotes":""},"class_list":["post-2159","page","type-page","status-publish","hentry"],"_links":{"self":[{"href":"https:\/\/vivancoculturadevino.es\/en\/wp-json\/wp\/v2\/pages\/2159","targetHints":{"allow":["GET"]}}],"collection":[{"href":"https:\/\/vivancoculturadevino.es\/en\/wp-json\/wp\/v2\/pages"}],"about":[{"href":"https:\/\/vivancoculturadevino.es\/en\/wp-json\/wp\/v2\/types\/page"}],"author":[{"embeddable":true,"href":"https:\/\/vivancoculturadevino.es\/en\/wp-json\/wp\/v2\/users\/1"}],"replies":[{"embeddable":true,"href":"https:\/\/vivancoculturadevino.es\/en\/wp-json\/wp\/v2\/comments?post=2159"}],"version-history":[{"count":58,"href":"https:\/\/vivancoculturadevino.es\/en\/wp-json\/wp\/v2\/pages\/2159\/revisions"}],"predecessor-version":[{"id":4778,"href":"https:\/\/vivancoculturadevino.es\/en\/wp-json\/wp\/v2\/pages\/2159\/revisions\/4778"}],"up":[{"embeddable":true,"href":"https:\/\/vivancoculturadevino.es\/en\/wp-json\/wp\/v2\/pages\/569"}],"wp:attachment":[{"href":"https:\/\/vivancoculturadevino.es\/en\/wp-json\/wp\/v2\/media?parent=2159"}],"curies":[{"name":"wp","href":"https:\/\/api.w.org\/{rel}","templated":true}]}}